{"id":266,"date":"2022-12-28T16:22:55","date_gmt":"2022-12-28T15:22:55","guid":{"rendered":"https:\/\/intersager.ch\/WP\/?page_id=266"},"modified":"2026-04-10T13:48:48","modified_gmt":"2026-04-10T11:48:48","slug":"automatisch-gespeicherter-entwurf","status":"publish","type":"page","link":"https:\/\/intersager.ch\/","title":{"rendered":"Relaunch 2023"},"content":{"rendered":"<p>[et_pb_section fb_built=&#187;1&#8243; _builder_version=&#187;4.27.5&#8243; _module_preset=&#187;default&#187; background_color=&#187;#e8e1e2&#8243; custom_padding=&#187;0px||0px||false|false&#187; global_colors_info=&#187;{}&#187;][\/et_pb_section][et_pb_section fb_built=&#187;1&#8243; _builder_version=&#187;4.27.5&#8243; _module_preset=&#187;default&#187; background_color=&#187;#e8e1e2&#8243; custom_margin=&#187;||||false|false&#187; custom_padding=&#187;0px|0px|||false|false&#187; global_colors_info=&#187;{}&#187;][et_pb_row disabled_on=&#187;off|off|off&#187; _builder_version=&#187;4.27.4&#8243; _module_preset=&#187;default&#187; module_alignment=&#187;center&#187; custom_padding=&#187;||||false|false&#187; global_colors_info=&#187;{}&#187;][et_pb_column type=&#187;4_4&#8243; _builder_version=&#187;4.19.4&#8243; _module_preset=&#187;default&#187; global_colors_info=&#187;{}&#187;][et_pb_text _builder_version=&#187;4.27.6&#8243; _module_preset=&#187;default&#187; width=&#187;95%&#187; width_tablet=&#187;95%&#187; width_phone=&#187;90%&#187; width_last_edited=&#187;on|phone&#187; module_alignment=&#187;center&#187; custom_margin=&#187;||||false|false&#187; hover_enabled=&#187;0&#8243; global_colors_info=&#187;{%22gcid-8a5a50b1-0c16-4880-8741-db7d54a9ff17%22:%91%22header_text_color%22%93}&#187; sticky_enabled=&#187;0&#8243; header_font=&#187;||||||||&#187;]<\/p>\n<p>\u00a0Intersager GmbH \u2014 B\u00fcro f\u00fcr Gestaltung<\/p>\n<h1>Reincarnations \u2014 ein sch\u00f6nes Fr\u00fchlingsthema<\/h1>\n<p>[\/et_pb_text][\/et_pb_column][\/et_pb_row][et_pb_row _builder_version=&#187;4.27.5&#8243; _module_preset=&#187;default&#187; custom_margin=&#187;||||false|false&#187; custom_padding=&#187;||||false|false&#187; global_colors_info=&#187;{}&#187;][et_pb_column type=&#187;4_4&#8243; _builder_version=&#187;4.27.4&#8243; _module_preset=&#187;default&#187; global_colors_info=&#187;{}&#187;][et_pb_image src=&#187;https:\/\/intersager.ch\/WP\/wp-content\/uploads\/2026\/04\/PMV_IMG_2355_low-scaled.jpg&#187; title_text=&#187;PMV_IMG_2355_low&#187; _builder_version=&#187;4.27.6&#8243; _module_preset=&#187;default&#187; width=&#187;49%&#187; hover_enabled=&#187;0&#8243; global_colors_info=&#187;{}&#187; width_last_edited=&#187;on|phone&#187; sticky_enabled=&#187;0&#8243; width_phone=&#187;100%&#187; width_tablet=&#187;49%&#187;][\/et_pb_image][et_pb_text _builder_version=&#187;4.27.6&#8243; _module_preset=&#187;default&#187; custom_padding=&#187;50px||||false|false&#187; width=&#187;49%&#187; module_alignment=&#187;center&#187; text_text_color__hover_enabled=&#187;on|desktop&#187; hover_enabled=&#187;0&#8243; sticky_enabled=&#187;0&#8243; width_last_edited=&#187;on|phone&#187; width_phone=&#187;92%&#187; width_tablet=&#187;49%&#187;]<\/p>\n<p>F\u00fcr den Chor ProMusicaViva d\u00fcrfen wir ein neues Gestaltungskonzept f\u00fcr die Bewerbung seiner Auftritte entwickeln. Im Farbkonzept machen wir die Musik, das Zusammenspiel von Stimmlagen und unterschiedlichen Timbres sichtbar. Die V\u00f6gel dienen als optischer Verst\u00e4rker und\u00a0 Eyecatcher im \u00f6ffentlichen Raum.<\/p>\n<p><a href=\"https:\/\/promusicaviva.ch\/\">promusicaviva.ch<\/a><\/p>\n<p>[\/et_pb_text][\/et_pb_column][\/et_pb_row][et_pb_row column_structure=&#187;1_4,1_4,1_4,1_4&#8243; use_custom_gutter=&#187;on&#187; gutter_width=&#187;2&#8243; _builder_version=&#187;4.27.5&#8243; _module_preset=&#187;default&#187; custom_padding=&#187;||0px||false|false&#187; scroll_vertical_motion=&#187;0|71|71|100|4|0|-4&#8243; global_colors_info=&#187;{}&#187;][et_pb_column type=&#187;1_4&#8243; _builder_version=&#187;4.19.4&#8243; _module_preset=&#187;default&#187; global_colors_info=&#187;{}&#187;][et_pb_image src=&#187;https:\/\/intersager.ch\/WP\/wp-content\/uploads\/2025\/06\/isr_benefiz-blatten.jpg&#187; title_text=&#187;isr_benefiz-blatten&#187; _builder_version=&#187;4.27.5&#8243; _module_preset=&#187;default&#187; background_color=&#187;RGBA(255,255,255,0)&#187; animation_duration=&#187;1600ms&#187; animation_delay=&#187;1000ms&#187; global_colors_info=&#187;{%22gcid-ad0f8357-abc9-4f75-a097-bd5fda3987fc%22:%91%22hover_overlay_color%22%93,%22gcid-abdcbc48-b248-4834-b733-09684f8c9070%22:%91%22overlay_icon_color%22%93}&#187; src__hover_enabled=&#187;off|desktop&#187;][\/et_pb_image][\/et_pb_column][et_pb_column type=&#187;1_4&#8243; _builder_version=&#187;4.19.4&#8243; _module_preset=&#187;default&#187; global_colors_info=&#187;{}&#187;][et_pb_image src=&#187;https:\/\/intersager.ch\/WP\/wp-content\/uploads\/2025\/12\/isr-theaterfest-768&#215;1024.jpg&#187; title_text=&#187;isr-theaterfest&#187; _builder_version=&#187;4.27.5&#8243; _module_preset=&#187;default&#187; animation_duration=&#187;1600ms&#187; animation_delay=&#187;1200ms&#187; global_colors_info=&#187;{}&#187;][\/et_pb_image][\/et_pb_column][et_pb_column type=&#187;1_4&#8243; _builder_version=&#187;4.19.4&#8243; _module_preset=&#187;default&#187; global_colors_info=&#187;{}&#187;][et_pb_image src=&#187;https:\/\/intersager.ch\/WP\/wp-content\/uploads\/2025\/12\/isr-schauspiel-2-768&#215;1024.jpg&#187; title_text=&#187;isr-schauspiel-2&#8243; _builder_version=&#187;4.27.5&#8243; _module_preset=&#187;default&#187; animation_duration=&#187;1600ms&#187; animation_delay=&#187;1400ms&#187; global_colors_info=&#187;{}&#187;][\/et_pb_image][\/et_pb_column][et_pb_column type=&#187;1_4&#8243; _builder_version=&#187;4.19.4&#8243; _module_preset=&#187;default&#187; global_colors_info=&#187;{}&#187;][et_pb_image src=&#187;https:\/\/intersager.ch\/WP\/wp-content\/uploads\/2025\/12\/isr-bettelstudent-768&#215;1024.jpg&#187; title_text=&#187;isr-bettelstudent&#187; _builder_version=&#187;4.27.5&#8243; _module_preset=&#187;default&#187; animation_duration=&#187;1600ms&#187; animation_delay=&#187;1600ms&#187; global_colors_info=&#187;{}&#187;][\/et_pb_image][\/et_pb_column][\/et_pb_row][et_pb_row use_custom_gutter=&#187;on&#187; gutter_width=&#187;2&#8243; _builder_version=&#187;4.27.5&#8243; _module_preset=&#187;default&#187; custom_padding=&#187;0px||15px||false|false&#187; scroll_vertical_motion=&#187;0|71|71|100|4|0|-4&#8243; global_colors_info=&#187;{}&#187;][et_pb_column type=&#187;4_4&#8243; _builder_version=&#187;4.19.4&#8243; _module_preset=&#187;default&#187; global_colors_info=&#187;{}&#187;][et_pb_toggle title=&#187;Plakate 2025 f\u00fcrs Stadttheater Sursee&#187; _builder_version=&#187;4.27.5&#8243; _module_preset=&#187;default&#187; width=&#187;100%&#187; background_last_edited=&#187;on|desktop&#187; locked=&#187;off&#187; global_colors_info=&#187;{%22gcid-8a5a50b1-0c16-4880-8741-db7d54a9ff17%22:%91%22body_text_color%22,%22body_text_color%22,%22open_icon_color%22,%22icon_color%22%93,%22gcid-b29eedc2-b8db-4bc0-a3de-d8f47dbe53fb%22:%91%22border_color_top%22,%22open_toggle_text_color%22,%22icon_color%22,%22open_icon_color%22,%22border_color_top%22,%22open_toggle_text_color%22,%22icon_color%22,%22open_icon_color%22,%22border_color_top%22,%22open_toggle_text_color%22,%22icon_color%22,%22open_icon_color%22,%22border_color_top%22,%22icon_color%22,%22open_icon_color%22,%22border_color_top%22,%22icon_color%22,%22open_icon_color%22,%22border_color_top%22,%22icon_color%22,%22open_icon_color%22,%22border_color_top%22,%22icon_color%22,%22open_icon_color%22,%22border_color_top%22,%22icon_color%22,%22open_icon_color%22,%22border_color_top%22,%22icon_color%22,%22open_icon_color%22,%22border_color_top%22,%22open_toggle_text_color%22,%22open_icon_color%22,%22border_color_top%22,%22open_icon_color%22,%22border_color_top%22,%22open_icon_color%22,%22border_color_top%22,%22open_icon_color%22,%22border_color_top%22,%22open_icon_color%22,%22border_color_top%22,%22open_icon_color%22,%22border_color_top%22,%22open_icon_color%22,%22border_color_top%22,%22open_toggle_text_color%22,%22border_color_top%22,%22border_color_top%22,%22border_color_top%22,%22border_color_top%22,%22border_color_top%22,%22border_color_top%22,%22border_color_top%22,%22open_toggle_text_color%22,%22border_color_top%22,%22border_color_top%22,%22border_color_top%22,%22border_color_top%22,%22border_color_top%22,%22border_color_top%22,%22border_color_top%22,%22open_toggle_text_color%22,%22border_color_top%22,%22border_color_top%22,%22border_color_top%22,%22border_color_top%22,%22border_color_top%22,%22border_color_top%22,%22open_toggle_text_color%22%93,%22gcid-ba64881f-f425-47be-87c6-a7edef5994bd%22:%91%22open_toggle_text_color%22,%22title_text_color%22,%22open_toggle_text_color%22,%22title_text_color%22,%22open_toggle_text_color%22,%22title_text_color%22,%22body_text_color%22%93,%22gcid-secondary-color%22:%91%22background_color__hover%22%93,%22gcid-a7857263-ba75-4621-8db8-963afb2cfa65%22:%91%22closed_toggle_background_color__hover%22%93}&#187; background__hover_enabled=&#187;on|hover&#187; background_color__hover=&#187;#e2cedb&#187; background_enable_color__hover=&#187;on&#187;]<\/p>\n<p><span class=\"s1\">Seit 225 Jahren wirkt die Musik- und Theatergesellschaft in Sursee. Ihr zu verdanken ist die Existenz und der Fortbestand des Stadttheaters Sursee, das seit Jahrzehnten hochwertige Produktionen in Musiktheater, Schauspiel, Ballett, Comedy und Kino anbietet.<\/span><\/p>\n<p>[\/et_pb_toggle][et_pb_text _builder_version=&#187;4.27.5&#8243; _module_preset=&#187;default&#187; width=&#187;97%&#187; width_tablet=&#187;95%&#187; width_phone=&#187;90%&#187; width_last_edited=&#187;on|phone&#187; module_alignment=&#187;center&#187; custom_margin=&#187;35px||0px||false|false&#187; global_colors_info=&#187;{}&#187;]<\/p>\n<p class=\"p1\"><span class=\"s1\"><strong>Portfolio<\/strong><\/span><\/p>\n<p>[\/et_pb_text][\/et_pb_column][\/et_pb_row][et_pb_row column_structure=&#187;1_3,1_3,1_3&#8243; use_custom_gutter=&#187;on&#187; gutter_width=&#187;2&#8243; _builder_version=&#187;4.23.1&#8243; _module_preset=&#187;default&#187; custom_padding=&#187;||10px||false|false&#187; scroll_vertical_motion=&#187;0|71|71|100|4|0|-4&#8243; global_colors_info=&#187;{}&#187;][et_pb_column type=&#187;1_3&#8243; _builder_version=&#187;4.19.4&#8243; _module_preset=&#187;default&#187; global_colors_info=&#187;{}&#187;][et_pb_image src=&#187;https:\/\/intersager.ch\/WP\/wp-content\/uploads\/2025\/12\/isr_mtg225.jpg&#187; title_text=&#187;isr_mtg225&#8243; show_in_lightbox=&#187;on&#187; _builder_version=&#187;4.27.5&#8243; _module_preset=&#187;default&#187; background_color=&#187;RGBA(255,255,255,0)&#187; global_colors_info=&#187;{%22gcid-secondary-color%22:%91%22hover_overlay_color%22%93}&#187; src__hover_enabled=&#187;on|hover&#187; src__hover=&#187;https:\/\/intersager.ch\/WP\/wp-content\/uploads\/2025\/12\/isr_mtg225.jpg&#187; transform_styles__hover_enabled=&#187;on|hover&#187; transform_scale__hover_enabled=&#187;on|hover&#187; transform_translate__hover_enabled=&#187;on|desktop&#187; transform_rotate__hover_enabled=&#187;on|desktop&#187; transform_skew__hover_enabled=&#187;on|desktop&#187; transform_origin__hover_enabled=&#187;on|desktop&#187; transform_scale__hover=&#187;105%|105%&#187;][\/et_pb_image][et_pb_toggle title=&#187;225 Jahre MTG Sursee&#187; _builder_version=&#187;4.27.5&#8243; _module_preset=&#187;default&#187; locked=&#187;off&#187; global_colors_info=&#187;{%22gcid-8a5a50b1-0c16-4880-8741-db7d54a9ff17%22:%91%22body_text_color%22,%22open_icon_color%22,%22icon_color%22%93,%22gcid-b29eedc2-b8db-4bc0-a3de-d8f47dbe53fb%22:%91%22open_toggle_text_color%22,%22open_icon_color%22,%22open_toggle_text_color%22,%22open_icon_color%22,%22open_toggle_text_color%22,%22open_icon_color%22,%22open_toggle_text_color%22,%22open_icon_color%22,%22open_toggle_text_color%22,%22open_icon_color%22,%22open_toggle_text_color%22,%22open_icon_color%22,%22open_toggle_text_color%22,%22open_icon_color%22,%22open_toggle_text_color%22,%22open_icon_color%22,%22open_toggle_text_color%22,%22open_icon_color%22,%22open_toggle_text_color%22,%22open_icon_color%22,%22open_toggle_text_color%22,%22open_icon_color%22%93,%22gcid-ba64881f-f425-47be-87c6-a7edef5994bd%22:%91%22open_toggle_text_color%22,%22title_text_color%22,%22body_text_color%22,%22open_toggle_text_color%22,%22title_text_color%22,%22open_toggle_text_color%22,%22title_text_color%22,%22open_toggle_text_color%22,%22title_text_color%22,%22open_toggle_text_color%22,%22title_text_color%22,%22open_toggle_text_color%22,%22title_text_color%22,%22open_toggle_text_color%22,%22title_text_color%22,%22open_toggle_text_color%22,%22title_text_color%22,%22open_toggle_text_color%22,%22title_text_color%22,%22open_toggle_text_color%22,%22title_text_color%22,%22open_toggle_text_color%22,%22title_text_color%22,%22open_toggle_text_color%22,%22title_text_color%22,%22open_toggle_text_color%22,%22title_text_color%22,%22body_text_color%22%93,%22gcid-a7857263-ba75-4621-8db8-963afb2cfa65%22:%91%22closed_toggle_background_color__hover%22,%22closed_toggle_background_color__hover%22%93}&#187;]<\/p>\n<p>Die Musik- und Theatergesellschaft feiert ihr 225-j\u00e4hriges Bestehen mit verschiedenen Anl\u00e4ssen verteilt aufs Jahr, einem Jubil\u00e4ums-Auftritt und einem Magazin zur bewegten Vereinsgeschichte.<\/p>\n<p>[\/et_pb_toggle][\/et_pb_column][et_pb_column type=&#187;1_3&#8243; _builder_version=&#187;4.19.4&#8243; _module_preset=&#187;default&#187; global_colors_info=&#187;{}&#187;][et_pb_image src=&#187;https:\/\/intersager.ch\/WP\/wp-content\/uploads\/2025\/12\/isr_vwb.jpg&#187; title_text=&#187;isr_vwb&#187; show_in_lightbox=&#187;on&#187; _builder_version=&#187;4.27.5&#8243; _module_preset=&#187;default&#187; animation_delay=&#187;100ms&#187; global_colors_info=&#187;{}&#187; src__hover_enabled=&#187;on|hover&#187; src__hover=&#187;https:\/\/intersager.ch\/WP\/wp-content\/uploads\/2025\/12\/isr_vwb.jpg&#187; transform_styles__hover_enabled=&#187;on|hover&#187; transform_scale__hover_enabled=&#187;on|hover&#187; transform_translate__hover_enabled=&#187;on|desktop&#187; transform_rotate__hover_enabled=&#187;on|desktop&#187; transform_skew__hover_enabled=&#187;on|desktop&#187; transform_origin__hover_enabled=&#187;on|desktop&#187; transform_scale__hover=&#187;105%|105%&#187;][\/et_pb_image][et_pb_toggle title=&#187;Kommunikation Verkehrswegbau&#187; _builder_version=&#187;4.27.5&#8243; _module_preset=&#187;default&#187; hover_enabled=&#187;0&#8243; locked=&#187;off&#187; global_colors_info=&#187;{%22gcid-8a5a50b1-0c16-4880-8741-db7d54a9ff17%22:%91%22body_text_color%22,%22open_icon_color%22,%22icon_color%22%93,%22gcid-b29eedc2-b8db-4bc0-a3de-d8f47dbe53fb%22:%91%22border_color_top%22,%22open_toggle_text_color%22,%22icon_color%22,%22open_icon_color%22,%22border_color_top%22,%22open_toggle_text_color%22,%22icon_color%22,%22open_icon_color%22,%22border_color_top%22,%22icon_color%22,%22open_icon_color%22,%22border_color_top%22,%22icon_color%22,%22open_icon_color%22,%22border_color_top%22,%22icon_color%22,%22open_icon_color%22,%22border_color_top%22,%22icon_color%22,%22open_icon_color%22,%22border_color_top%22,%22icon_color%22,%22open_icon_color%22,%22border_color_top%22,%22icon_color%22,%22open_icon_color%22,%22border_color_top%22,%22open_toggle_text_color%22,%22open_icon_color%22,%22border_color_top%22,%22open_icon_color%22,%22border_color_top%22,%22open_icon_color%22,%22border_color_top%22,%22open_icon_color%22,%22border_color_top%22,%22open_icon_color%22,%22border_color_top%22,%22open_icon_color%22,%22border_color_top%22,%22open_icon_color%22,%22border_color_top%22,%22open_toggle_text_color%22,%22border_color_top%22,%22border_color_top%22,%22border_color_top%22,%22border_color_top%22,%22border_color_top%22,%22border_color_top%22,%22border_color_top%22,%22open_toggle_text_color%22,%22border_color_top%22,%22border_color_top%22,%22border_color_top%22,%22border_color_top%22,%22border_color_top%22,%22border_color_top%22,%22border_color_top%22,%22open_toggle_text_color%22,%22border_color_top%22,%22border_color_top%22,%22border_color_top%22,%22border_color_top%22,%22border_color_top%22,%22border_color_top%22,%22open_toggle_text_color%22%93,%22gcid-ba64881f-f425-47be-87c6-a7edef5994bd%22:%91%22open_toggle_text_color%22,%22title_text_color%22,%22open_toggle_text_color%22,%22title_text_color%22,%22body_text_color%22%93,%22gcid-a7857263-ba75-4621-8db8-963afb2cfa65%22:%91%22closed_toggle_background_color__hover%22%93}&#187; sticky_enabled=&#187;0&#8243;]<\/p>\n<p>Wichtige Informationen an Lernende und ihre Berufsbildner werden via Flyer kommuniziert. Zu jedem spezifischen Thema entwickeln wir eine Infografik, um die Kernbotschaft zu visualisieren.<\/p>\n<p>[\/et_pb_toggle][\/et_pb_column][et_pb_column type=&#187;1_3&#8243; _builder_version=&#187;4.19.4&#8243; _module_preset=&#187;default&#187; global_colors_info=&#187;{}&#187;][et_pb_image src=&#187;https:\/\/intersager.ch\/WP\/wp-content\/uploads\/2025\/12\/isr_bettelstudent.jpg&#187; title_text=&#187;isr_bettelstudent&#187; show_in_lightbox=&#187;on&#187; _builder_version=&#187;4.27.5&#8243; _module_preset=&#187;default&#187; global_colors_info=&#187;{}&#187; src__hover_enabled=&#187;on|hover&#187; src__hover=&#187;https:\/\/intersager.ch\/WP\/wp-content\/uploads\/2025\/12\/isr_bettelstudent.jpg&#187; transform_styles__hover_enabled=&#187;on|hover&#187; transform_scale__hover_enabled=&#187;on|hover&#187; transform_translate__hover_enabled=&#187;on|desktop&#187; transform_rotate__hover_enabled=&#187;on|desktop&#187; transform_skew__hover_enabled=&#187;on|desktop&#187; transform_origin__hover_enabled=&#187;on|desktop&#187; transform_scale__hover=&#187;105%|105%&#187;][\/et_pb_image][et_pb_toggle title=&#187;Marke und Auftritt Bettelstudent&#187; _builder_version=&#187;4.27.5&#8243; _module_preset=&#187;default&#187; locked=&#187;off&#187; global_colors_info=&#187;{%22gcid-8a5a50b1-0c16-4880-8741-db7d54a9ff17%22:%91%22body_text_color%22,%22open_icon_color%22,%22icon_color%22%93,%22gcid-b29eedc2-b8db-4bc0-a3de-d8f47dbe53fb%22:%91%22border_color_top%22,%22open_toggle_text_color%22,%22icon_color%22,%22open_icon_color%22,%22border_color_top%22,%22open_toggle_text_color%22,%22icon_color%22,%22open_icon_color%22,%22border_color_top%22,%22icon_color%22,%22open_icon_color%22,%22border_color_top%22,%22icon_color%22,%22open_icon_color%22,%22border_color_top%22,%22icon_color%22,%22open_icon_color%22,%22border_color_top%22,%22icon_color%22,%22open_icon_color%22,%22border_color_top%22,%22icon_color%22,%22open_icon_color%22,%22border_color_top%22,%22icon_color%22,%22open_icon_color%22,%22border_color_top%22,%22open_toggle_text_color%22,%22open_icon_color%22,%22border_color_top%22,%22open_icon_color%22,%22border_color_top%22,%22open_icon_color%22,%22border_color_top%22,%22open_icon_color%22,%22border_color_top%22,%22open_icon_color%22,%22border_color_top%22,%22open_icon_color%22,%22border_color_top%22,%22open_icon_color%22,%22border_color_top%22,%22open_toggle_text_color%22,%22border_color_top%22,%22border_color_top%22,%22border_color_top%22,%22border_color_top%22,%22border_color_top%22,%22border_color_top%22,%22border_color_top%22,%22open_toggle_text_color%22,%22border_color_top%22,%22border_color_top%22,%22border_color_top%22,%22border_color_top%22,%22border_color_top%22,%22border_color_top%22,%22border_color_top%22,%22open_toggle_text_color%22,%22border_color_top%22,%22border_color_top%22,%22border_color_top%22,%22border_color_top%22,%22border_color_top%22,%22border_color_top%22,%22open_toggle_text_color%22%93,%22gcid-ba64881f-f425-47be-87c6-a7edef5994bd%22:%91%22open_toggle_text_color%22,%22title_text_color%22,%22open_toggle_text_color%22,%22title_text_color%22,%22body_text_color%22%93,%22gcid-a7857263-ba75-4621-8db8-963afb2cfa65%22:%91%22closed_toggle_background_color__hover%22%93}&#187;]<\/p>\n<p>Die Musik- und Theatergesellschaft hat kein eigenes Corporate Design, sondern \u00aberfindet\u00bb sich mit jedem Musiktheater neu. Seit My Fair Lady, der Produktion 2024, d\u00fcrfen wir sie dabei begleiten.<\/p>\n<p>[\/et_pb_toggle][\/et_pb_column][\/et_pb_row][et_pb_row column_structure=&#187;1_3,1_3,1_3&#8243; use_custom_gutter=&#187;on&#187; gutter_width=&#187;2&#8243; _builder_version=&#187;4.23.1&#8243; _module_preset=&#187;default&#187; custom_padding=&#187;||10px||false|false&#187; scroll_vertical_motion=&#187;0|71|71|100|4|0|-4&#8243; global_colors_info=&#187;{}&#187;][et_pb_column type=&#187;1_3&#8243; _builder_version=&#187;4.19.4&#8243; _module_preset=&#187;default&#187; global_colors_info=&#187;{}&#187;][et_pb_image src=&#187;https:\/\/intersager.ch\/WP\/wp-content\/uploads\/2025\/12\/isr_lm.jpg&#187; title_text=&#187;isr_lm&#187; show_in_lightbox=&#187;on&#187; _builder_version=&#187;4.27.5&#8243; _module_preset=&#187;default&#187; background_color=&#187;RGBA(255,255,255,0)&#187; global_colors_info=&#187;{%22gcid-ad0f8357-abc9-4f75-a097-bd5fda3987fc%22:%91%22hover_overlay_color%22%93,%22gcid-abdcbc48-b248-4834-b733-09684f8c9070%22:%91%22overlay_icon_color%22%93}&#187; src__hover_enabled=&#187;off|hover&#187; transform_styles__hover_enabled=&#187;on|hover&#187; transform_scale__hover_enabled=&#187;on|hover&#187; transform_translate__hover_enabled=&#187;on|desktop&#187; transform_rotate__hover_enabled=&#187;on|desktop&#187; transform_skew__hover_enabled=&#187;on|desktop&#187; transform_origin__hover_enabled=&#187;on|desktop&#187; transform_scale__hover=&#187;105%|105%&#187;][\/et_pb_image][et_pb_toggle title=&#187;Jedes Jahr eine Idee&#187; _builder_version=&#187;4.27.5&#8243; _module_preset=&#187;default&#187; locked=&#187;off&#187; global_colors_info=&#187;{%22gcid-8a5a50b1-0c16-4880-8741-db7d54a9ff17%22:%91%22open_icon_color%22,%22icon_color%22%93,%22gcid-b29eedc2-b8db-4bc0-a3de-d8f47dbe53fb%22:%91%22border_color_top%22,%22open_toggle_text_color%22,%22icon_color%22,%22open_icon_color%22,%22border_color_top%22,%22icon_color%22,%22open_icon_color%22,%22border_color_top%22,%22icon_color%22,%22open_icon_color%22,%22border_color_top%22,%22icon_color%22,%22open_icon_color%22,%22border_color_top%22,%22icon_color%22,%22open_icon_color%22,%22border_color_top%22,%22icon_color%22,%22open_icon_color%22,%22border_color_top%22,%22icon_color%22,%22open_icon_color%22,%22border_color_top%22,%22open_toggle_text_color%22,%22open_icon_color%22,%22border_color_top%22,%22open_icon_color%22,%22border_color_top%22,%22open_icon_color%22,%22border_color_top%22,%22open_icon_color%22,%22border_color_top%22,%22open_icon_color%22,%22border_color_top%22,%22open_icon_color%22,%22border_color_top%22,%22open_icon_color%22,%22border_color_top%22,%22open_toggle_text_color%22,%22border_color_top%22,%22border_color_top%22,%22border_color_top%22,%22border_color_top%22,%22border_color_top%22,%22border_color_top%22,%22border_color_top%22,%22open_toggle_text_color%22,%22border_color_top%22,%22border_color_top%22,%22border_color_top%22,%22border_color_top%22,%22border_color_top%22,%22border_color_top%22,%22border_color_top%22,%22open_toggle_text_color%22,%22border_color_top%22,%22border_color_top%22,%22border_color_top%22,%22border_color_top%22,%22border_color_top%22,%22border_color_top%22,%22open_toggle_text_color%22%93,%22gcid-ba64881f-f425-47be-87c6-a7edef5994bd%22:%91%22open_toggle_text_color%22,%22title_text_color%22,%22body_text_color%22%93}&#187;]<\/p>\n<p>Eine Neujahrskarte muss nicht langweilig sein, obwohl die Grundbotschaft ja immer dieselbe ist. F\u00fcr Lanz+Marti entwickeln wir die Sujetidee und den Text mit. Mittlerweile ist diese Karte nicht mehr wegzudenken.<\/p>\n<p>[\/et_pb_toggle][\/et_pb_column][et_pb_column type=&#187;1_3&#8243; _builder_version=&#187;4.19.4&#8243; _module_preset=&#187;default&#187; global_colors_info=&#187;{}&#187;][et_pb_image src=&#187;https:\/\/intersager.ch\/WP\/wp-content\/uploads\/2025\/12\/isr_buerli.jpg&#187; title_text=&#187;isr_buerli&#187; show_in_lightbox=&#187;on&#187; _builder_version=&#187;4.27.5&#8243; _module_preset=&#187;default&#187; animation_delay=&#187;100ms&#187; global_colors_info=&#187;{}&#187; src__hover_enabled=&#187;on|hover&#187; src__hover=&#187;https:\/\/intersager.ch\/WP\/wp-content\/uploads\/2025\/12\/isr_buerli.jpg&#187; transform_styles__hover_enabled=&#187;on|hover&#187; transform_scale__hover_enabled=&#187;on|hover&#187; transform_translate__hover_enabled=&#187;on|hover&#187; transform_rotate__hover_enabled=&#187;on|hover&#187; transform_skew__hover_enabled=&#187;on|hover&#187; transform_origin__hover_enabled=&#187;on|hover&#187; transform_scale__hover=&#187;105%|105%&#187;][\/et_pb_image][et_pb_toggle title=&#187;Produktekatalog B\u00fcrli&#187; _builder_version=&#187;4.27.5&#8243; _module_preset=&#187;default&#187; locked=&#187;off&#187; global_colors_info=&#187;{%22gcid-8a5a50b1-0c16-4880-8741-db7d54a9ff17%22:%91%22open_icon_color%22,%22icon_color%22%93,%22gcid-b29eedc2-b8db-4bc0-a3de-d8f47dbe53fb%22:%91%22border_color_top%22,%22open_toggle_text_color%22,%22icon_color%22,%22open_icon_color%22,%22border_color_top%22,%22icon_color%22,%22open_icon_color%22,%22border_color_top%22,%22icon_color%22,%22open_icon_color%22,%22border_color_top%22,%22icon_color%22,%22open_icon_color%22,%22border_color_top%22,%22icon_color%22,%22open_icon_color%22,%22border_color_top%22,%22icon_color%22,%22open_icon_color%22,%22border_color_top%22,%22icon_color%22,%22open_icon_color%22,%22border_color_top%22,%22open_toggle_text_color%22,%22open_icon_color%22,%22border_color_top%22,%22open_icon_color%22,%22border_color_top%22,%22open_icon_color%22,%22border_color_top%22,%22open_icon_color%22,%22border_color_top%22,%22open_icon_color%22,%22border_color_top%22,%22open_icon_color%22,%22border_color_top%22,%22open_icon_color%22,%22border_color_top%22,%22open_toggle_text_color%22,%22border_color_top%22,%22border_color_top%22,%22border_color_top%22,%22border_color_top%22,%22border_color_top%22,%22border_color_top%22,%22border_color_top%22,%22open_toggle_text_color%22,%22border_color_top%22,%22border_color_top%22,%22border_color_top%22,%22border_color_top%22,%22border_color_top%22,%22border_color_top%22,%22border_color_top%22,%22open_toggle_text_color%22,%22border_color_top%22,%22border_color_top%22,%22border_color_top%22,%22border_color_top%22,%22border_color_top%22,%22border_color_top%22,%22open_toggle_text_color%22%93,%22gcid-ba64881f-f425-47be-87c6-a7edef5994bd%22:%91%22open_toggle_text_color%22,%22title_text_color%22,%22body_text_color%22%93}&#187;]<\/p>\n<p>Weg vom fetten Bundesordner zu einer schlankeren, moderneren Variante. Wir erarbeiten das Design und revolutionieren die j\u00e4hrliche Aktualisierung durch die Daten\u00fcbernahme direkt aus Excel.<\/p>\n<p>[\/et_pb_toggle][\/et_pb_column][et_pb_column type=&#187;1_3&#8243; _builder_version=&#187;4.19.4&#8243; _module_preset=&#187;default&#187; global_colors_info=&#187;{}&#187;][et_pb_image src=&#187;https:\/\/intersager.ch\/WP\/wp-content\/uploads\/2025\/12\/isr_kuemin.jpg&#187; title_text=&#187;isr_kuemin&#187; show_in_lightbox=&#187;on&#187; _builder_version=&#187;4.27.5&#8243; _module_preset=&#187;default&#187; global_colors_info=&#187;{}&#187; src__hover_enabled=&#187;on|hover&#187; transform_styles__hover_enabled=&#187;on|hover&#187; transform_scale__hover_enabled=&#187;on|hover&#187; transform_translate__hover_enabled=&#187;on|hover&#187; transform_rotate__hover_enabled=&#187;on|hover&#187; transform_skew__hover_enabled=&#187;on|hover&#187; transform_origin__hover_enabled=&#187;on|hover&#187; transform_scale__hover=&#187;105%|105%&#187; src__hover=&#187;https:\/\/intersager.ch\/WP\/wp-content\/uploads\/2025\/12\/isr_kuemin.jpg&#187;][\/et_pb_image][et_pb_toggle title=&#187;Abschied der Dorfmetzg&#187; _builder_version=&#187;4.27.5&#8243; _module_preset=&#187;default&#187; locked=&#187;off&#187; global_colors_info=&#187;{%22gcid-8a5a50b1-0c16-4880-8741-db7d54a9ff17%22:%91%22open_icon_color%22,%22icon_color%22%93,%22gcid-b29eedc2-b8db-4bc0-a3de-d8f47dbe53fb%22:%91%22border_color_top%22,%22open_toggle_text_color%22,%22icon_color%22,%22open_icon_color%22,%22border_color_top%22,%22icon_color%22,%22open_icon_color%22,%22border_color_top%22,%22icon_color%22,%22open_icon_color%22,%22border_color_top%22,%22icon_color%22,%22open_icon_color%22,%22border_color_top%22,%22icon_color%22,%22open_icon_color%22,%22border_color_top%22,%22icon_color%22,%22open_icon_color%22,%22border_color_top%22,%22icon_color%22,%22open_icon_color%22,%22border_color_top%22,%22open_toggle_text_color%22,%22open_icon_color%22,%22border_color_top%22,%22open_icon_color%22,%22border_color_top%22,%22open_icon_color%22,%22border_color_top%22,%22open_icon_color%22,%22border_color_top%22,%22open_icon_color%22,%22border_color_top%22,%22open_icon_color%22,%22border_color_top%22,%22open_icon_color%22,%22border_color_top%22,%22open_toggle_text_color%22,%22border_color_top%22,%22border_color_top%22,%22border_color_top%22,%22border_color_top%22,%22border_color_top%22,%22border_color_top%22,%22border_color_top%22,%22open_toggle_text_color%22,%22border_color_top%22,%22border_color_top%22,%22border_color_top%22,%22border_color_top%22,%22border_color_top%22,%22border_color_top%22,%22border_color_top%22,%22open_toggle_text_color%22,%22border_color_top%22,%22border_color_top%22,%22border_color_top%22,%22border_color_top%22,%22border_color_top%22,%22border_color_top%22,%22open_toggle_text_color%22%93,%22gcid-ba64881f-f425-47be-87c6-a7edef5994bd%22:%91%22open_toggle_text_color%22,%22title_text_color%22,%22body_text_color%22%93}&#187;]<\/p>\n<p>Eine Prise Humor finden wir wichtig, auch bei einer Gesch\u00e4ftsaufgabe. Die Leute werden den Dorfladen vermissen, aber hoffentlich auch ein bisschen Schmunzeln \u00fcber die Art der Botschaft.<\/p>\n<p>[\/et_pb_toggle][\/et_pb_column][\/et_pb_row][et_pb_row column_structure=&#187;1_3,1_3,1_3&#8243; use_custom_gutter=&#187;on&#187; gutter_width=&#187;2&#8243; _builder_version=&#187;4.23.1&#8243; _module_preset=&#187;default&#187; custom_padding=&#187;||10px||false|false&#187; scroll_vertical_motion=&#187;0|71|71|100|4|0|-4&#8243; global_colors_info=&#187;{}&#187;][et_pb_column type=&#187;1_3&#8243; _builder_version=&#187;4.19.4&#8243; _module_preset=&#187;default&#187; global_colors_info=&#187;{}&#187;][et_pb_image src=&#187;https:\/\/intersager.ch\/WP\/wp-content\/uploads\/2025\/12\/isr_mfl-blume-1.jpg&#187; title_text=&#187;isr_mfl-blume&#187; show_in_lightbox=&#187;on&#187; _builder_version=&#187;4.27.5&#8243; _module_preset=&#187;default&#187; background_color=&#187;RGBA(255,255,255,0)&#187; global_colors_info=&#187;{%22gcid-ad0f8357-abc9-4f75-a097-bd5fda3987fc%22:%91%22hover_overlay_color%22%93,%22gcid-abdcbc48-b248-4834-b733-09684f8c9070%22:%91%22overlay_icon_color%22%93}&#187; src__hover_enabled=&#187;off|hover&#187; transform_styles__hover_enabled=&#187;on|hover&#187; transform_scale__hover_enabled=&#187;on|hover&#187; transform_translate__hover_enabled=&#187;on|desktop&#187; transform_rotate__hover_enabled=&#187;on|desktop&#187; transform_skew__hover_enabled=&#187;on|desktop&#187; transform_origin__hover_enabled=&#187;on|desktop&#187; transform_scale__hover=&#187;105%|105%&#187;][\/et_pb_image][et_pb_toggle title=&#187;Keyvisual f\u00fcr My Fair Lady &#187; _builder_version=&#187;4.27.5&#8243; _module_preset=&#187;default&#187; locked=&#187;off&#187; global_colors_info=&#187;{%22gcid-8a5a50b1-0c16-4880-8741-db7d54a9ff17%22:%91%22open_icon_color%22,%22icon_color%22%93,%22gcid-b29eedc2-b8db-4bc0-a3de-d8f47dbe53fb%22:%91%22border_color_top%22,%22open_toggle_text_color%22,%22icon_color%22,%22open_icon_color%22,%22border_color_top%22,%22icon_color%22,%22open_icon_color%22,%22border_color_top%22,%22icon_color%22,%22open_icon_color%22,%22border_color_top%22,%22icon_color%22,%22open_icon_color%22,%22border_color_top%22,%22icon_color%22,%22open_icon_color%22,%22border_color_top%22,%22icon_color%22,%22open_icon_color%22,%22border_color_top%22,%22icon_color%22,%22open_icon_color%22,%22border_color_top%22,%22open_toggle_text_color%22,%22open_icon_color%22,%22border_color_top%22,%22open_icon_color%22,%22border_color_top%22,%22open_icon_color%22,%22border_color_top%22,%22open_icon_color%22,%22border_color_top%22,%22open_icon_color%22,%22border_color_top%22,%22open_icon_color%22,%22border_color_top%22,%22open_icon_color%22,%22border_color_top%22,%22open_toggle_text_color%22,%22border_color_top%22,%22border_color_top%22,%22border_color_top%22,%22border_color_top%22,%22border_color_top%22,%22border_color_top%22,%22border_color_top%22,%22open_toggle_text_color%22,%22border_color_top%22,%22border_color_top%22,%22border_color_top%22,%22border_color_top%22,%22border_color_top%22,%22border_color_top%22,%22border_color_top%22,%22open_toggle_text_color%22,%22border_color_top%22,%22border_color_top%22,%22border_color_top%22,%22border_color_top%22,%22border_color_top%22,%22border_color_top%22,%22open_toggle_text_color%22%93,%22gcid-ba64881f-f425-47be-87c6-a7edef5994bd%22:%91%22open_toggle_text_color%22,%22title_text_color%22,%22body_text_color%22%93}&#187;]<\/p>\n<p>Das einfache Blumenm\u00e4dchen Eliza trifft auf den Snob und Sprachwissenschaftler Henry Higgins. F\u00fcr das Keyvisual des Werbeauftritts vereinen wir beide Welten in einer Papierblume aus Lexikonseiten.<\/p>\n<p>[\/et_pb_toggle][\/et_pb_column][et_pb_column type=&#187;1_3&#8243; _builder_version=&#187;4.19.4&#8243; _module_preset=&#187;default&#187; global_colors_info=&#187;{}&#187;][et_pb_image src=&#187;https:\/\/intersager.ch\/WP\/wp-content\/uploads\/2025\/12\/isr_aktivimwald.jpg&#187; title_text=&#187;isr_aktivimwald&#187; show_in_lightbox=&#187;on&#187; _builder_version=&#187;4.27.5&#8243; _module_preset=&#187;default&#187; animation_delay=&#187;100ms&#187; global_colors_info=&#187;{}&#187; src__hover_enabled=&#187;on|desktop&#187; src__hover=&#187;https:\/\/intersager.ch\/WP\/wp-content\/uploads\/2025\/12\/isr_aktivimwald.jpg&#187; transform_styles__hover_enabled=&#187;on|hover&#187; transform_scale__hover_enabled=&#187;on|hover&#187; transform_translate__hover_enabled=&#187;on|desktop&#187; transform_rotate__hover_enabled=&#187;on|desktop&#187; transform_skew__hover_enabled=&#187;on|desktop&#187; transform_origin__hover_enabled=&#187;on|desktop&#187; transform_scale__hover=&#187;105%|105%&#187;][\/et_pb_image][et_pb_toggle title=&#187;Kampagne Aktiv im Wald&#187; _builder_version=&#187;4.27.5&#8243; _module_preset=&#187;default&#187; locked=&#187;off&#187; global_colors_info=&#187;{%22gcid-8a5a50b1-0c16-4880-8741-db7d54a9ff17%22:%91%22open_icon_color%22,%22icon_color%22%93,%22gcid-b29eedc2-b8db-4bc0-a3de-d8f47dbe53fb%22:%91%22border_color_top%22,%22open_toggle_text_color%22,%22icon_color%22,%22open_icon_color%22,%22border_color_top%22,%22icon_color%22,%22open_icon_color%22,%22border_color_top%22,%22icon_color%22,%22open_icon_color%22,%22border_color_top%22,%22icon_color%22,%22open_icon_color%22,%22border_color_top%22,%22icon_color%22,%22open_icon_color%22,%22border_color_top%22,%22icon_color%22,%22open_icon_color%22,%22border_color_top%22,%22icon_color%22,%22open_icon_color%22,%22border_color_top%22,%22open_toggle_text_color%22,%22open_icon_color%22,%22border_color_top%22,%22open_icon_color%22,%22border_color_top%22,%22open_icon_color%22,%22border_color_top%22,%22open_icon_color%22,%22border_color_top%22,%22open_icon_color%22,%22border_color_top%22,%22open_icon_color%22,%22border_color_top%22,%22open_icon_color%22,%22border_color_top%22,%22open_toggle_text_color%22,%22border_color_top%22,%22border_color_top%22,%22border_color_top%22,%22border_color_top%22,%22border_color_top%22,%22border_color_top%22,%22border_color_top%22,%22open_toggle_text_color%22,%22border_color_top%22,%22border_color_top%22,%22border_color_top%22,%22border_color_top%22,%22border_color_top%22,%22border_color_top%22,%22border_color_top%22,%22open_toggle_text_color%22,%22border_color_top%22,%22border_color_top%22,%22border_color_top%22,%22border_color_top%22,%22border_color_top%22,%22border_color_top%22,%22open_toggle_text_color%22%93,%22gcid-ba64881f-f425-47be-87c6-a7edef5994bd%22:%91%22open_toggle_text_color%22,%22title_text_color%22,%22body_text_color%22%93}&#187;]<\/p>\n<p>Den Wald in allen Facetten zeigen, seinen Nutzen und die Herausforderungen der Zukunft erkl\u00e4ren, das sind die Ziele der Luzerner Kampagne Aktiv im Wald, zu der wir den Kampagnenauftritt entwickeln.<\/p>\n<p>[\/et_pb_toggle][\/et_pb_column][et_pb_column type=&#187;1_3&#8243; _builder_version=&#187;4.19.4&#8243; _module_preset=&#187;default&#187; global_colors_info=&#187;{}&#187;][et_pb_image src=&#187;https:\/\/intersager.ch\/WP\/wp-content\/uploads\/2025\/12\/isr_stadtcafe2020.jpg&#187; title_text=&#187;isr_stadtcafe2020&#8243; show_in_lightbox=&#187;on&#187; _builder_version=&#187;4.27.5&#8243; _module_preset=&#187;default&#187; global_colors_info=&#187;{}&#187; transform_styles__hover_enabled=&#187;on|hover&#187; transform_scale__hover_enabled=&#187;on|hover&#187; transform_translate__hover_enabled=&#187;on|desktop&#187; transform_rotate__hover_enabled=&#187;on|desktop&#187; transform_skew__hover_enabled=&#187;on|desktop&#187; transform_origin__hover_enabled=&#187;on|desktop&#187; transform_scale__hover=&#187;105%|105%&#187;][\/et_pb_image][et_pb_toggle title=&#187;Das Stadtcaf\u00e9 wird 20&#8243; _builder_version=&#187;4.27.5&#8243; _module_preset=&#187;default&#187; locked=&#187;off&#187; global_colors_info=&#187;{%22gcid-8a5a50b1-0c16-4880-8741-db7d54a9ff17%22:%91%22open_icon_color%22,%22icon_color%22%93,%22gcid-b29eedc2-b8db-4bc0-a3de-d8f47dbe53fb%22:%91%22border_color_top%22,%22open_toggle_text_color%22,%22icon_color%22,%22open_icon_color%22,%22border_color_top%22,%22icon_color%22,%22open_icon_color%22,%22border_color_top%22,%22icon_color%22,%22open_icon_color%22,%22border_color_top%22,%22icon_color%22,%22open_icon_color%22,%22border_color_top%22,%22icon_color%22,%22open_icon_color%22,%22border_color_top%22,%22icon_color%22,%22open_icon_color%22,%22border_color_top%22,%22icon_color%22,%22open_icon_color%22,%22border_color_top%22,%22open_toggle_text_color%22,%22open_icon_color%22,%22border_color_top%22,%22open_icon_color%22,%22border_color_top%22,%22open_icon_color%22,%22border_color_top%22,%22open_icon_color%22,%22border_color_top%22,%22open_icon_color%22,%22border_color_top%22,%22open_icon_color%22,%22border_color_top%22,%22open_icon_color%22,%22border_color_top%22,%22open_toggle_text_color%22,%22border_color_top%22,%22border_color_top%22,%22border_color_top%22,%22border_color_top%22,%22border_color_top%22,%22border_color_top%22,%22border_color_top%22,%22open_toggle_text_color%22,%22border_color_top%22,%22border_color_top%22,%22border_color_top%22,%22border_color_top%22,%22border_color_top%22,%22border_color_top%22,%22border_color_top%22,%22open_toggle_text_color%22,%22border_color_top%22,%22border_color_top%22,%22border_color_top%22,%22border_color_top%22,%22border_color_top%22,%22border_color_top%22,%22open_toggle_text_color%22%93,%22gcid-ba64881f-f425-47be-87c6-a7edef5994bd%22:%91%22open_toggle_text_color%22,%22title_text_color%22,%22body_text_color%22%93}&#187;]<\/p>\n<p>Ausgerechnet auf das Coronajahr f\u00e4llt der 20. Geburtstag vom Stadtcaf\u00e9. Das Caf\u00e9 l\u00e4uft auf Sparflamme, feiern ist verboten. Was bleibt: Das Jubil\u00e4ums-Booklet als Dank f\u00fcr Mitarbeitende und G\u00e4ste.<\/p>\n<p>[\/et_pb_toggle][\/et_pb_column][\/et_pb_row][et_pb_row column_structure=&#187;1_3,1_3,1_3&#8243; use_custom_gutter=&#187;on&#187; gutter_width=&#187;2&#8243; _builder_version=&#187;4.23.1&#8243; _module_preset=&#187;default&#187; custom_padding=&#187;||10px||false|false&#187; scroll_vertical_motion=&#187;0|71|71|100|4|0|-4&#8243; global_colors_info=&#187;{}&#187;][et_pb_column type=&#187;1_3&#8243; _builder_version=&#187;4.19.4&#8243; _module_preset=&#187;default&#187; global_colors_info=&#187;{}&#187;][et_pb_image src=&#187;https:\/\/intersager.ch\/WP\/wp-content\/uploads\/2022\/12\/lignum-1024&#215;768.jpg&#187; title_text=&#187;lignum&#187; show_in_lightbox=&#187;on&#187; _builder_version=&#187;4.27.5&#8243; _module_preset=&#187;default&#187; background_color=&#187;RGBA(255,255,255,0)&#187; global_colors_info=&#187;{%22gcid-ad0f8357-abc9-4f75-a097-bd5fda3987fc%22:%91%22hover_overlay_color%22%93,%22gcid-abdcbc48-b248-4834-b733-09684f8c9070%22:%91%22overlay_icon_color%22%93}&#187; src__hover_enabled=&#187;off|hover&#187; transform_styles__hover_enabled=&#187;on|hover&#187; transform_scale__hover_enabled=&#187;on|hover&#187; transform_translate__hover_enabled=&#187;on|desktop&#187; transform_rotate__hover_enabled=&#187;on|desktop&#187; transform_skew__hover_enabled=&#187;on|desktop&#187; transform_origin__hover_enabled=&#187;on|desktop&#187; transform_scale__hover=&#187;105%|105%&#187;][\/et_pb_image][et_pb_toggle title=&#187;Lignum Zentralschweiz&#187; _builder_version=&#187;4.27.5&#8243; _module_preset=&#187;default&#187; locked=&#187;off&#187; global_colors_info=&#187;{%22gcid-8a5a50b1-0c16-4880-8741-db7d54a9ff17%22:%91%22open_icon_color%22,%22icon_color%22%93,%22gcid-b29eedc2-b8db-4bc0-a3de-d8f47dbe53fb%22:%91%22border_color_top%22,%22open_toggle_text_color%22,%22icon_color%22,%22open_icon_color%22,%22border_color_top%22,%22icon_color%22,%22open_icon_color%22,%22border_color_top%22,%22icon_color%22,%22open_icon_color%22,%22border_color_top%22,%22icon_color%22,%22open_icon_color%22,%22border_color_top%22,%22icon_color%22,%22open_icon_color%22,%22border_color_top%22,%22icon_color%22,%22open_icon_color%22,%22border_color_top%22,%22icon_color%22,%22open_icon_color%22,%22border_color_top%22,%22open_toggle_text_color%22,%22open_icon_color%22,%22border_color_top%22,%22open_icon_color%22,%22border_color_top%22,%22open_icon_color%22,%22border_color_top%22,%22open_icon_color%22,%22border_color_top%22,%22open_icon_color%22,%22border_color_top%22,%22open_icon_color%22,%22border_color_top%22,%22open_icon_color%22,%22border_color_top%22,%22open_toggle_text_color%22,%22border_color_top%22,%22border_color_top%22,%22border_color_top%22,%22border_color_top%22,%22border_color_top%22,%22border_color_top%22,%22border_color_top%22,%22open_toggle_text_color%22,%22border_color_top%22,%22border_color_top%22,%22border_color_top%22,%22border_color_top%22,%22border_color_top%22,%22border_color_top%22,%22border_color_top%22,%22open_toggle_text_color%22,%22border_color_top%22,%22border_color_top%22,%22border_color_top%22,%22border_color_top%22,%22border_color_top%22,%22border_color_top%22,%22open_toggle_text_color%22%93,%22gcid-ba64881f-f425-47be-87c6-a7edef5994bd%22:%91%22open_toggle_text_color%22,%22title_text_color%22,%22body_text_color%22%93}&#187;]<\/p>\n<p>Die Schweizer Lignum-Marke wird auf die neu gegr\u00fcndete Zentralschweizer Gruppe angepasst. Das Bed\u00fcrfnis nach einem pr\u00e4gnanten, eigenst\u00e4ndigen Auftritt l\u00f6sen wir mit dem grossen Z auf allen Medien.<\/p>\n<p>[\/et_pb_toggle][\/et_pb_column][et_pb_column type=&#187;1_3&#8243; _builder_version=&#187;4.19.4&#8243; _module_preset=&#187;default&#187; global_colors_info=&#187;{}&#187;][et_pb_image src=&#187;https:\/\/intersager.ch\/WP\/wp-content\/uploads\/2024\/04\/ergokj-1-1024&#215;768.jpg&#187; title_text=&#187;ergokj-1&#8243; show_in_lightbox=&#187;on&#187; _builder_version=&#187;4.27.5&#8243; _module_preset=&#187;default&#187; animation_delay=&#187;100ms&#187; global_colors_info=&#187;{}&#187; src__hover_enabled=&#187;on|hover&#187; src__hover=&#187;https:\/\/intersager.ch\/WP\/wp-content\/uploads\/2024\/04\/ergokj-1-1024&#215;768.jpg&#187; transform_styles__hover_enabled=&#187;on|hover&#187; transform_scale__hover_enabled=&#187;on|hover&#187; transform_translate__hover_enabled=&#187;on|hover&#187; transform_rotate__hover_enabled=&#187;on|hover&#187; transform_skew__hover_enabled=&#187;on|hover&#187; transform_origin__hover_enabled=&#187;on|hover&#187; transform_scale__hover=&#187;105%|105%&#187;][\/et_pb_image][et_pb_toggle title=&#187;Ergotherapie f\u00fcr Kind und Jugend&#187; _builder_version=&#187;4.27.5&#8243; _module_preset=&#187;default&#187; locked=&#187;off&#187; global_colors_info=&#187;{%22gcid-8a5a50b1-0c16-4880-8741-db7d54a9ff17%22:%91%22open_icon_color%22,%22icon_color%22%93,%22gcid-b29eedc2-b8db-4bc0-a3de-d8f47dbe53fb%22:%91%22border_color_top%22,%22open_toggle_text_color%22,%22icon_color%22,%22open_icon_color%22,%22border_color_top%22,%22icon_color%22,%22open_icon_color%22,%22border_color_top%22,%22icon_color%22,%22open_icon_color%22,%22border_color_top%22,%22icon_color%22,%22open_icon_color%22,%22border_color_top%22,%22icon_color%22,%22open_icon_color%22,%22border_color_top%22,%22icon_color%22,%22open_icon_color%22,%22border_color_top%22,%22icon_color%22,%22open_icon_color%22,%22border_color_top%22,%22open_toggle_text_color%22,%22open_icon_color%22,%22border_color_top%22,%22open_icon_color%22,%22border_color_top%22,%22open_icon_color%22,%22border_color_top%22,%22open_icon_color%22,%22border_color_top%22,%22open_icon_color%22,%22border_color_top%22,%22open_icon_color%22,%22border_color_top%22,%22open_icon_color%22,%22border_color_top%22,%22open_toggle_text_color%22,%22border_color_top%22,%22border_color_top%22,%22border_color_top%22,%22border_color_top%22,%22border_color_top%22,%22border_color_top%22,%22border_color_top%22,%22open_toggle_text_color%22,%22border_color_top%22,%22border_color_top%22,%22border_color_top%22,%22border_color_top%22,%22border_color_top%22,%22border_color_top%22,%22border_color_top%22,%22open_toggle_text_color%22,%22border_color_top%22,%22border_color_top%22,%22border_color_top%22,%22border_color_top%22,%22border_color_top%22,%22border_color_top%22,%22open_toggle_text_color%22%93,%22gcid-ba64881f-f425-47be-87c6-a7edef5994bd%22:%91%22open_toggle_text_color%22,%22title_text_color%22,%22body_text_color%22%93}&#187;]<\/p>\n<p>In der Praxis von Britta Schmitt erweitern Kinder und Jugendliche ihre physischen M\u00f6glichkeiten, sie lernen, das Leben selbst\u00e4ndiger zu meistern. F\u00fcr uns ist das wie ein St\u00fcck fliegen!<\/p>\n<p>[\/et_pb_toggle][\/et_pb_column][et_pb_column type=&#187;1_3&#8243; _builder_version=&#187;4.19.4&#8243; _module_preset=&#187;default&#187; global_colors_info=&#187;{}&#187;][et_pb_image src=&#187;https:\/\/intersager.ch\/WP\/wp-content\/uploads\/2022\/12\/kabau-1024&#215;768.jpg&#187; title_text=&#187;kabau&#187; show_in_lightbox=&#187;on&#187; _builder_version=&#187;4.27.5&#8243; _module_preset=&#187;default&#187; global_colors_info=&#187;{}&#187; transform_styles__hover_enabled=&#187;on|hover&#187; transform_scale__hover_enabled=&#187;on|hover&#187; transform_translate__hover_enabled=&#187;on|desktop&#187; transform_rotate__hover_enabled=&#187;on|desktop&#187; transform_skew__hover_enabled=&#187;on|desktop&#187; transform_origin__hover_enabled=&#187;on|desktop&#187; transform_scale__hover=&#187;105%|105%&#187;][\/et_pb_image][et_pb_toggle title=&#187;Kappeler Bauelemente&#187; _builder_version=&#187;4.27.5&#8243; _module_preset=&#187;default&#187; locked=&#187;off&#187; global_colors_info=&#187;{%22gcid-8a5a50b1-0c16-4880-8741-db7d54a9ff17%22:%91%22open_icon_color%22,%22icon_color%22%93,%22gcid-b29eedc2-b8db-4bc0-a3de-d8f47dbe53fb%22:%91%22border_color_top%22,%22open_toggle_text_color%22,%22icon_color%22,%22open_icon_color%22,%22border_color_top%22,%22icon_color%22,%22open_icon_color%22,%22border_color_top%22,%22icon_color%22,%22open_icon_color%22,%22border_color_top%22,%22icon_color%22,%22open_icon_color%22,%22border_color_top%22,%22icon_color%22,%22open_icon_color%22,%22border_color_top%22,%22icon_color%22,%22open_icon_color%22,%22border_color_top%22,%22icon_color%22,%22open_icon_color%22,%22border_color_top%22,%22open_toggle_text_color%22,%22open_icon_color%22,%22border_color_top%22,%22open_icon_color%22,%22border_color_top%22,%22open_icon_color%22,%22border_color_top%22,%22open_icon_color%22,%22border_color_top%22,%22open_icon_color%22,%22border_color_top%22,%22open_icon_color%22,%22border_color_top%22,%22open_icon_color%22,%22border_color_top%22,%22open_toggle_text_color%22,%22border_color_top%22,%22border_color_top%22,%22border_color_top%22,%22border_color_top%22,%22border_color_top%22,%22border_color_top%22,%22border_color_top%22,%22open_toggle_text_color%22,%22border_color_top%22,%22border_color_top%22,%22border_color_top%22,%22border_color_top%22,%22border_color_top%22,%22border_color_top%22,%22border_color_top%22,%22open_toggle_text_color%22,%22border_color_top%22,%22border_color_top%22,%22border_color_top%22,%22border_color_top%22,%22border_color_top%22,%22border_color_top%22,%22open_toggle_text_color%22%93,%22gcid-ba64881f-f425-47be-87c6-a7edef5994bd%22:%91%22open_toggle_text_color%22,%22title_text_color%22,%22body_text_color%22%93}&#187;]<\/p>\n<p>Der Kunde w\u00fcnscht sich eine Bienenwabe im Logo. Bauen ist dreidimensional. Wir erkennen im 6-Eck den W\u00fcrfel und setzen ein K hinein aus drei Bauelementen, die nach\u00a0 x-, y- und z-Achse ausgerichtet sind.<\/p>\n<p>[\/et_pb_toggle][\/et_pb_column][\/et_pb_row][et_pb_row column_structure=&#187;1_3,1_3,1_3&#8243; use_custom_gutter=&#187;on&#187; gutter_width=&#187;2&#8243; _builder_version=&#187;4.23.1&#8243; _module_preset=&#187;default&#187; custom_padding=&#187;||10px||false|false&#187; global_colors_info=&#187;{}&#187;][et_pb_column type=&#187;1_3&#8243; _builder_version=&#187;4.19.4&#8243; _module_preset=&#187;default&#187; global_colors_info=&#187;{}&#187;][et_pb_image src=&#187;https:\/\/intersager.ch\/WP\/wp-content\/uploads\/2024\/04\/duwe-1024&#215;768.jpg&#187; title_text=&#187;duwe&#187; show_in_lightbox=&#187;on&#187; _builder_version=&#187;4.27.5&#8243; _module_preset=&#187;default&#187; global_colors_info=&#187;{}&#187; transform_styles__hover_enabled=&#187;on|hover&#187; transform_scale__hover_enabled=&#187;on|hover&#187; transform_translate__hover_enabled=&#187;on|desktop&#187; transform_rotate__hover_enabled=&#187;on|desktop&#187; transform_skew__hover_enabled=&#187;on|desktop&#187; transform_origin__hover_enabled=&#187;on|desktop&#187; transform_scale__hover=&#187;105%|105%&#187;][\/et_pb_image][et_pb_toggle title=&#187;Feldenkrais \u2013 Thomas Duwe&#187; _builder_version=&#187;4.27.5&#8243; _module_preset=&#187;default&#187; locked=&#187;off&#187; global_colors_info=&#187;{%22gcid-8a5a50b1-0c16-4880-8741-db7d54a9ff17%22:%91%22open_icon_color%22,%22icon_color%22%93,%22gcid-b29eedc2-b8db-4bc0-a3de-d8f47dbe53fb%22:%91%22border_color_top%22,%22open_toggle_text_color%22,%22icon_color%22,%22open_icon_color%22,%22border_color_top%22,%22icon_color%22,%22open_icon_color%22,%22border_color_top%22,%22icon_color%22,%22open_icon_color%22,%22border_color_top%22,%22icon_color%22,%22open_icon_color%22,%22border_color_top%22,%22icon_color%22,%22open_icon_color%22,%22border_color_top%22,%22icon_color%22,%22open_icon_color%22,%22border_color_top%22,%22icon_color%22,%22open_icon_color%22,%22border_color_top%22,%22open_toggle_text_color%22,%22open_icon_color%22,%22border_color_top%22,%22open_icon_color%22,%22border_color_top%22,%22open_icon_color%22,%22border_color_top%22,%22open_icon_color%22,%22border_color_top%22,%22open_icon_color%22,%22border_color_top%22,%22open_icon_color%22,%22border_color_top%22,%22open_icon_color%22,%22border_color_top%22,%22open_toggle_text_color%22,%22border_color_top%22,%22border_color_top%22,%22border_color_top%22,%22border_color_top%22,%22border_color_top%22,%22border_color_top%22,%22border_color_top%22,%22open_toggle_text_color%22,%22border_color_top%22,%22border_color_top%22,%22border_color_top%22,%22border_color_top%22,%22border_color_top%22,%22border_color_top%22,%22border_color_top%22,%22open_toggle_text_color%22,%22border_color_top%22,%22border_color_top%22,%22border_color_top%22,%22border_color_top%22,%22border_color_top%22,%22border_color_top%22,%22open_toggle_text_color%22%93,%22gcid-ba64881f-f425-47be-87c6-a7edef5994bd%22:%91%22open_toggle_text_color%22,%22title_text_color%22,%22body_text_color%22%93}&#187;]<\/p>\n<p>Feldenkrais ist eine effektive Methode zur schrittweisen Verbesserung von k\u00f6rperlichen Einschr\u00e4nkungen, die vom Alter, einem Unfall oder einer Krankheit herr\u00fchren. Das zeigt unser Keyvisual.<\/p>\n<p>[\/et_pb_toggle][\/et_pb_column][et_pb_column type=&#187;1_3&#8243; _builder_version=&#187;4.19.4&#8243; _module_preset=&#187;default&#187; global_colors_info=&#187;{}&#187;][et_pb_image src=&#187;https:\/\/intersager.ch\/WP\/wp-content\/uploads\/2022\/12\/sempacherseepraxis-1024&#215;768.jpg&#187; title_text=&#187;sempacherseepraxis&#187; show_in_lightbox=&#187;on&#187; _builder_version=&#187;4.27.5&#8243; _module_preset=&#187;default&#187; animation_delay=&#187;100ms&#187; global_colors_info=&#187;{}&#187; transform_styles__hover_enabled=&#187;on|hover&#187; transform_scale__hover_enabled=&#187;on|hover&#187; transform_translate__hover_enabled=&#187;on|desktop&#187; transform_rotate__hover_enabled=&#187;on|desktop&#187; transform_skew__hover_enabled=&#187;on|desktop&#187; transform_origin__hover_enabled=&#187;on|desktop&#187; transform_scale__hover=&#187;105%|105%&#187; src__hover_enabled=&#187;on|desktop&#187; src__hover=&#187;https:\/\/intersager.ch\/WP\/wp-content\/uploads\/2022\/12\/sempacherseepraxis-1024&#215;768.jpg&#187;][\/et_pb_image][et_pb_toggle title=&#187;Sempacherseepraxis&#187; _builder_version=&#187;4.27.5&#8243; _module_preset=&#187;default&#187; locked=&#187;off&#187; global_colors_info=&#187;{%22gcid-8a5a50b1-0c16-4880-8741-db7d54a9ff17%22:%91%22open_icon_color%22,%22icon_color%22%93,%22gcid-b29eedc2-b8db-4bc0-a3de-d8f47dbe53fb%22:%91%22border_color_top%22,%22open_toggle_text_color%22,%22icon_color%22,%22open_icon_color%22,%22border_color_top%22,%22icon_color%22,%22open_icon_color%22,%22border_color_top%22,%22icon_color%22,%22open_icon_color%22,%22border_color_top%22,%22icon_color%22,%22open_icon_color%22,%22border_color_top%22,%22icon_color%22,%22open_icon_color%22,%22border_color_top%22,%22icon_color%22,%22open_icon_color%22,%22border_color_top%22,%22icon_color%22,%22open_icon_color%22,%22border_color_top%22,%22open_toggle_text_color%22,%22open_icon_color%22,%22border_color_top%22,%22open_icon_color%22,%22border_color_top%22,%22open_icon_color%22,%22border_color_top%22,%22open_icon_color%22,%22border_color_top%22,%22open_icon_color%22,%22border_color_top%22,%22open_icon_color%22,%22border_color_top%22,%22open_icon_color%22,%22border_color_top%22,%22open_toggle_text_color%22,%22border_color_top%22,%22border_color_top%22,%22border_color_top%22,%22border_color_top%22,%22border_color_top%22,%22border_color_top%22,%22border_color_top%22,%22open_toggle_text_color%22,%22border_color_top%22,%22border_color_top%22,%22border_color_top%22,%22border_color_top%22,%22border_color_top%22,%22border_color_top%22,%22border_color_top%22,%22open_toggle_text_color%22,%22border_color_top%22,%22border_color_top%22,%22border_color_top%22,%22border_color_top%22,%22border_color_top%22,%22border_color_top%22,%22open_toggle_text_color%22%93,%22gcid-ba64881f-f425-47be-87c6-a7edef5994bd%22:%91%22open_toggle_text_color%22,%22title_text_color%22,%22body_text_color%22%93}&#187;]<\/p>\n<p>Das Muster f\u00fcr die neu gegr\u00fcndete Arzt-Praxis hat \u00c4hnlichkeit mit Zellgewebe. Aufs Minimum reduziert, ist es Logo und kann als See mit den umliegenden Gemeinden verstanden werden.<\/p>\n<p>[\/et_pb_toggle][\/et_pb_column][et_pb_column type=&#187;1_3&#8243; _builder_version=&#187;4.19.4&#8243; _module_preset=&#187;default&#187; global_colors_info=&#187;{}&#187;][et_pb_image src=&#187;https:\/\/intersager.ch\/WP\/wp-content\/uploads\/2024\/04\/stellamaris_gds-1024&#215;765.jpg&#187; title_text=&#187;stellamaris_gds&#187; show_in_lightbox=&#187;on&#187; _builder_version=&#187;4.27.5&#8243; _module_preset=&#187;default&#187; global_colors_info=&#187;{}&#187; src__hover_enabled=&#187;on|hover&#187; transform_styles__hover_enabled=&#187;on|hover&#187; transform_scale__hover_enabled=&#187;on|hover&#187; transform_translate__hover_enabled=&#187;on|hover&#187; transform_rotate__hover_enabled=&#187;on|hover&#187; transform_skew__hover_enabled=&#187;on|hover&#187; transform_origin__hover_enabled=&#187;on|hover&#187; transform_scale__hover=&#187;105%|105%&#187; src__hover=&#187;https:\/\/intersager.ch\/WP\/wp-content\/uploads\/2024\/04\/stellamaris_gds-1024&#215;765.jpg&#187;][\/et_pb_image][et_pb_toggle title=&#187;Stella Maris&#187; _builder_version=&#187;4.27.5&#8243; _module_preset=&#187;default&#187; locked=&#187;off&#187; global_colors_info=&#187;{%22gcid-8a5a50b1-0c16-4880-8741-db7d54a9ff17%22:%91%22open_icon_color%22,%22icon_color%22%93,%22gcid-b29eedc2-b8db-4bc0-a3de-d8f47dbe53fb%22:%91%22border_color_top%22,%22open_toggle_text_color%22,%22icon_color%22,%22open_icon_color%22,%22border_color_top%22,%22icon_color%22,%22open_icon_color%22,%22border_color_top%22,%22icon_color%22,%22open_icon_color%22,%22border_color_top%22,%22icon_color%22,%22open_icon_color%22,%22border_color_top%22,%22icon_color%22,%22open_icon_color%22,%22border_color_top%22,%22icon_color%22,%22open_icon_color%22,%22border_color_top%22,%22icon_color%22,%22open_icon_color%22,%22border_color_top%22,%22open_toggle_text_color%22,%22open_icon_color%22,%22border_color_top%22,%22open_icon_color%22,%22border_color_top%22,%22open_icon_color%22,%22border_color_top%22,%22open_icon_color%22,%22border_color_top%22,%22open_icon_color%22,%22border_color_top%22,%22open_icon_color%22,%22border_color_top%22,%22open_icon_color%22,%22border_color_top%22,%22open_toggle_text_color%22,%22border_color_top%22,%22border_color_top%22,%22border_color_top%22,%22border_color_top%22,%22border_color_top%22,%22border_color_top%22,%22border_color_top%22,%22open_toggle_text_color%22,%22border_color_top%22,%22border_color_top%22,%22border_color_top%22,%22border_color_top%22,%22border_color_top%22,%22border_color_top%22,%22border_color_top%22,%22open_toggle_text_color%22,%22border_color_top%22,%22border_color_top%22,%22border_color_top%22,%22border_color_top%22,%22border_color_top%22,%22border_color_top%22,%22open_toggle_text_color%22%93,%22gcid-ba64881f-f425-47be-87c6-a7edef5994bd%22:%91%22open_toggle_text_color%22,%22title_text_color%22,%22body_text_color%22%93}&#187;]<\/p>\n<p>F\u00fcr die Infokampagne zum Neubau von Alterswohnungen in Sempach entwickeln wir das Logo in Sternform in den Farben des Stadtwappens und der Natur, die man von seinem Balkon aus sehen wird.<\/p>\n<p>[\/et_pb_toggle][\/et_pb_column][\/et_pb_row][et_pb_row column_structure=&#187;1_3,1_3,1_3&#8243; use_custom_gutter=&#187;on&#187; gutter_width=&#187;2&#8243; _builder_version=&#187;4.23.1&#8243; _module_preset=&#187;default&#187; custom_padding=&#187;||10px||false|false&#187; global_colors_info=&#187;{}&#187;][et_pb_column type=&#187;1_3&#8243; _builder_version=&#187;4.19.4&#8243; _module_preset=&#187;default&#187; global_colors_info=&#187;{}&#187;][et_pb_image src=&#187;https:\/\/intersager.ch\/WP\/wp-content\/uploads\/2022\/12\/heimann_aufraeumen-1024&#215;768.jpg&#187; title_text=&#187;heimann_aufraeumen&#187; show_in_lightbox=&#187;on&#187; _builder_version=&#187;4.27.5&#8243; _module_preset=&#187;default&#187; global_colors_info=&#187;{}&#187; transform_styles__hover_enabled=&#187;on|hover&#187; transform_scale__hover_enabled=&#187;on|hover&#187; transform_translate__hover_enabled=&#187;on|desktop&#187; transform_rotate__hover_enabled=&#187;on|desktop&#187; transform_skew__hover_enabled=&#187;on|desktop&#187; transform_origin__hover_enabled=&#187;on|desktop&#187; transform_scale__hover=&#187;105%|105%&#187;][\/et_pb_image][et_pb_toggle title=&#187;Aufr\u00e4umen \u2013 eine Textsammlung&#187; _builder_version=&#187;4.27.5&#8243; _module_preset=&#187;default&#187; locked=&#187;off&#187; global_colors_info=&#187;{%22gcid-8a5a50b1-0c16-4880-8741-db7d54a9ff17%22:%91%22open_icon_color%22,%22icon_color%22%93,%22gcid-b29eedc2-b8db-4bc0-a3de-d8f47dbe53fb%22:%91%22border_color_top%22,%22open_toggle_text_color%22,%22icon_color%22,%22open_icon_color%22,%22border_color_top%22,%22icon_color%22,%22open_icon_color%22,%22border_color_top%22,%22icon_color%22,%22open_icon_color%22,%22border_color_top%22,%22icon_color%22,%22open_icon_color%22,%22border_color_top%22,%22icon_color%22,%22open_icon_color%22,%22border_color_top%22,%22icon_color%22,%22open_icon_color%22,%22border_color_top%22,%22icon_color%22,%22open_icon_color%22,%22border_color_top%22,%22open_toggle_text_color%22,%22open_icon_color%22,%22border_color_top%22,%22open_icon_color%22,%22border_color_top%22,%22open_icon_color%22,%22border_color_top%22,%22open_icon_color%22,%22border_color_top%22,%22open_icon_color%22,%22border_color_top%22,%22open_icon_color%22,%22border_color_top%22,%22open_icon_color%22,%22border_color_top%22,%22open_toggle_text_color%22,%22border_color_top%22,%22border_color_top%22,%22border_color_top%22,%22border_color_top%22,%22border_color_top%22,%22border_color_top%22,%22border_color_top%22,%22open_toggle_text_color%22,%22border_color_top%22,%22border_color_top%22,%22border_color_top%22,%22border_color_top%22,%22border_color_top%22,%22border_color_top%22,%22border_color_top%22,%22open_toggle_text_color%22,%22border_color_top%22,%22border_color_top%22,%22border_color_top%22,%22border_color_top%22,%22border_color_top%22,%22border_color_top%22,%22open_toggle_text_color%22%93,%22gcid-ba64881f-f425-47be-87c6-a7edef5994bd%22:%91%22open_toggle_text_color%22,%22title_text_color%22,%22body_text_color%22%93}&#187;]<\/p>\n<p>Wir gestalten ein Taschenbuch mit Texten, die Kurt Heimann bei Freunden zum Thema Aufr\u00e4umen gesammelt hat. Die Zeichnungen stammen aus der genialen Feder von Oskar Weiss.<\/p>\n<p>[\/et_pb_toggle][\/et_pb_column][et_pb_column type=&#187;1_3&#8243; _builder_version=&#187;4.19.4&#8243; _module_preset=&#187;default&#187; global_colors_info=&#187;{}&#187;][et_pb_image src=&#187;https:\/\/intersager.ch\/WP\/wp-content\/uploads\/2022\/12\/1100186_bearbeitet-1024&#215;768.jpg&#187; title_text=&#187;_1100186_bearbeitet&#187; show_in_lightbox=&#187;on&#187; _builder_version=&#187;4.27.5&#8243; _module_preset=&#187;default&#187; animation_delay=&#187;100ms&#187; global_colors_info=&#187;{}&#187; transform_styles__hover_enabled=&#187;on|hover&#187; transform_scale__hover_enabled=&#187;on|hover&#187; transform_translate__hover_enabled=&#187;on|desktop&#187; transform_rotate__hover_enabled=&#187;on|desktop&#187; transform_skew__hover_enabled=&#187;on|desktop&#187; transform_origin__hover_enabled=&#187;on|desktop&#187; transform_scale__hover=&#187;105%|105%&#187;][\/et_pb_image][et_pb_toggle title=&#187;Ein Weltstar singt in Sursee&#187; _builder_version=&#187;4.27.5&#8243; _module_preset=&#187;default&#187; locked=&#187;off&#187; global_colors_info=&#187;{%22gcid-8a5a50b1-0c16-4880-8741-db7d54a9ff17%22:%91%22open_icon_color%22,%22icon_color%22%93,%22gcid-b29eedc2-b8db-4bc0-a3de-d8f47dbe53fb%22:%91%22border_color_top%22,%22open_toggle_text_color%22,%22icon_color%22,%22open_icon_color%22,%22border_color_top%22,%22icon_color%22,%22open_icon_color%22,%22border_color_top%22,%22icon_color%22,%22open_icon_color%22,%22border_color_top%22,%22icon_color%22,%22open_icon_color%22,%22border_color_top%22,%22icon_color%22,%22open_icon_color%22,%22border_color_top%22,%22icon_color%22,%22open_icon_color%22,%22border_color_top%22,%22icon_color%22,%22open_icon_color%22,%22border_color_top%22,%22open_toggle_text_color%22,%22open_icon_color%22,%22border_color_top%22,%22open_icon_color%22,%22border_color_top%22,%22open_icon_color%22,%22border_color_top%22,%22open_icon_color%22,%22border_color_top%22,%22open_icon_color%22,%22border_color_top%22,%22open_icon_color%22,%22border_color_top%22,%22open_icon_color%22,%22border_color_top%22,%22open_toggle_text_color%22,%22border_color_top%22,%22border_color_top%22,%22border_color_top%22,%22border_color_top%22,%22border_color_top%22,%22border_color_top%22,%22border_color_top%22,%22open_toggle_text_color%22,%22border_color_top%22,%22border_color_top%22,%22border_color_top%22,%22border_color_top%22,%22border_color_top%22,%22border_color_top%22,%22border_color_top%22,%22open_toggle_text_color%22,%22border_color_top%22,%22border_color_top%22,%22border_color_top%22,%22border_color_top%22,%22border_color_top%22,%22border_color_top%22,%22open_toggle_text_color%22%93,%22gcid-ba64881f-f425-47be-87c6-a7edef5994bd%22:%91%22open_toggle_text_color%22,%22title_text_color%22,%22body_text_color%22%93}&#187;]<\/p>\n<p>Auf Plakat und Infoflyer f\u00fcr das Benefiz-Konzert von Regula M\u00fchlemann im Stadttheater Sursee lassen wir Logo-Elemente tanzen und dem Betrachter wie Musik entgegenfliegen.<\/p>\n<p>[\/et_pb_toggle][\/et_pb_column][et_pb_column type=&#187;1_3&#8243; _builder_version=&#187;4.19.4&#8243; _module_preset=&#187;default&#187; global_colors_info=&#187;{}&#187;][et_pb_image src=&#187;https:\/\/intersager.ch\/WP\/wp-content\/uploads\/2024\/04\/kinderreime-1024&#215;768.jpg&#187; title_text=&#187;kinderreime&#187; show_in_lightbox=&#187;on&#187; _builder_version=&#187;4.27.5&#8243; _module_preset=&#187;default&#187; global_colors_info=&#187;{}&#187; transform_styles__hover_enabled=&#187;on|hover&#187; transform_scale__hover_enabled=&#187;on|hover&#187; transform_translate__hover_enabled=&#187;on|desktop&#187; transform_rotate__hover_enabled=&#187;on|desktop&#187; transform_skew__hover_enabled=&#187;on|desktop&#187; transform_origin__hover_enabled=&#187;on|desktop&#187; transform_scale__hover=&#187;105%|105%&#187;][\/et_pb_image][et_pb_toggle title=&#187;Sammlungen von Kinderreimen&#187; _builder_version=&#187;4.27.5&#8243; _module_preset=&#187;default&#187; locked=&#187;off&#187; global_colors_info=&#187;{%22gcid-8a5a50b1-0c16-4880-8741-db7d54a9ff17%22:%91%22open_icon_color%22,%22icon_color%22%93,%22gcid-b29eedc2-b8db-4bc0-a3de-d8f47dbe53fb%22:%91%22border_color_top%22,%22open_toggle_text_color%22,%22icon_color%22,%22open_icon_color%22,%22border_color_top%22,%22icon_color%22,%22open_icon_color%22,%22border_color_top%22,%22icon_color%22,%22open_icon_color%22,%22border_color_top%22,%22icon_color%22,%22open_icon_color%22,%22border_color_top%22,%22icon_color%22,%22open_icon_color%22,%22border_color_top%22,%22icon_color%22,%22open_icon_color%22,%22border_color_top%22,%22icon_color%22,%22open_icon_color%22,%22border_color_top%22,%22open_toggle_text_color%22,%22open_icon_color%22,%22border_color_top%22,%22open_icon_color%22,%22border_color_top%22,%22open_icon_color%22,%22border_color_top%22,%22open_icon_color%22,%22border_color_top%22,%22open_icon_color%22,%22border_color_top%22,%22open_icon_color%22,%22border_color_top%22,%22open_icon_color%22,%22border_color_top%22,%22open_toggle_text_color%22,%22border_color_top%22,%22border_color_top%22,%22border_color_top%22,%22border_color_top%22,%22border_color_top%22,%22border_color_top%22,%22border_color_top%22,%22open_toggle_text_color%22,%22border_color_top%22,%22border_color_top%22,%22border_color_top%22,%22border_color_top%22,%22border_color_top%22,%22border_color_top%22,%22border_color_top%22,%22open_toggle_text_color%22,%22border_color_top%22,%22border_color_top%22,%22border_color_top%22,%22border_color_top%22,%22border_color_top%22,%22border_color_top%22,%22open_toggle_text_color%22%93,%22gcid-ba64881f-f425-47be-87c6-a7edef5994bd%22:%91%22open_toggle_text_color%22,%22title_text_color%22,%22body_text_color%22%93}&#187;]<\/p>\n<p>Als Kampagnenverst\u00e4rker f\u00fcr einen Spendenaufruf zugunsten von Pflegekindern entwickeln wir diese Serie aus Mini-B\u00fcchlein mit Kinderreimen, Zungenbrechern und Jux-Versen.<\/p>\n<p>[\/et_pb_toggle][\/et_pb_column][\/et_pb_row][et_pb_row column_structure=&#187;1_3,1_3,1_3&#8243; use_custom_gutter=&#187;on&#187; gutter_width=&#187;2&#8243; _builder_version=&#187;4.19.4&#8243; _module_preset=&#187;default&#187; global_colors_info=&#187;{}&#187;][et_pb_column type=&#187;1_3&#8243; _builder_version=&#187;4.19.4&#8243; _module_preset=&#187;default&#187; global_colors_info=&#187;{}&#187;][et_pb_image src=&#187;https:\/\/intersager.ch\/WP\/wp-content\/uploads\/2024\/04\/isr_2015-1024&#215;768.jpg&#187; title_text=&#187;isr_2015&#8243; show_in_lightbox=&#187;on&#187; _builder_version=&#187;4.27.5&#8243; _module_preset=&#187;default&#187; global_colors_info=&#187;{}&#187; transform_styles__hover_enabled=&#187;on|hover&#187; transform_scale__hover_enabled=&#187;on|hover&#187; transform_translate__hover_enabled=&#187;on|desktop&#187; transform_rotate__hover_enabled=&#187;on|desktop&#187; transform_skew__hover_enabled=&#187;on|desktop&#187; transform_origin__hover_enabled=&#187;on|desktop&#187; transform_scale__hover=&#187;105%|105%&#187;][\/et_pb_image][et_pb_toggle title=&#187;Symbolbild f\u00fcr die Holzbranche&#187; _builder_version=&#187;4.27.5&#8243; _module_preset=&#187;default&#187; locked=&#187;off&#187; global_colors_info=&#187;{%22gcid-8a5a50b1-0c16-4880-8741-db7d54a9ff17%22:%91%22open_icon_color%22,%22icon_color%22%93,%22gcid-b29eedc2-b8db-4bc0-a3de-d8f47dbe53fb%22:%91%22border_color_top%22,%22open_toggle_text_color%22,%22icon_color%22,%22open_icon_color%22,%22border_color_top%22,%22icon_color%22,%22open_icon_color%22,%22border_color_top%22,%22icon_color%22,%22open_icon_color%22,%22border_color_top%22,%22icon_color%22,%22open_icon_color%22,%22border_color_top%22,%22icon_color%22,%22open_icon_color%22,%22border_color_top%22,%22icon_color%22,%22open_icon_color%22,%22border_color_top%22,%22icon_color%22,%22open_icon_color%22,%22border_color_top%22,%22open_toggle_text_color%22,%22open_icon_color%22,%22border_color_top%22,%22open_icon_color%22,%22border_color_top%22,%22open_icon_color%22,%22border_color_top%22,%22open_icon_color%22,%22border_color_top%22,%22open_icon_color%22,%22border_color_top%22,%22open_icon_color%22,%22border_color_top%22,%22open_icon_color%22,%22border_color_top%22,%22open_toggle_text_color%22,%22border_color_top%22,%22border_color_top%22,%22border_color_top%22,%22border_color_top%22,%22border_color_top%22,%22border_color_top%22,%22border_color_top%22,%22open_toggle_text_color%22,%22border_color_top%22,%22border_color_top%22,%22border_color_top%22,%22border_color_top%22,%22border_color_top%22,%22border_color_top%22,%22border_color_top%22,%22open_toggle_text_color%22,%22border_color_top%22,%22border_color_top%22,%22border_color_top%22,%22border_color_top%22,%22border_color_top%22,%22border_color_top%22,%22open_toggle_text_color%22%93,%22gcid-ba64881f-f425-47be-87c6-a7edef5994bd%22:%91%22open_toggle_text_color%22,%22title_text_color%22,%22body_text_color%22%93}&#187;]<\/p>\n<p>Wir gehen gern auf Entdeckungsreise und suchen Buchstaben und Zahlen jenseits des Zweidimensionalen. Hier gefunden f\u00fcr den Jahresbericht von Lignum Zentralschweiz, den Verband f\u00fcr die Holzbranche.<\/p>\n<p>[\/et_pb_toggle][\/et_pb_column][et_pb_column type=&#187;1_3&#8243; _builder_version=&#187;4.19.4&#8243; _module_preset=&#187;default&#187; global_colors_info=&#187;{}&#187;][et_pb_image src=&#187;https:\/\/intersager.ch\/WP\/wp-content\/uploads\/2022\/12\/isr-kreatool-1024&#215;768.jpg&#187; title_text=&#187;isr-kreatool&#187; show_in_lightbox=&#187;on&#187; _builder_version=&#187;4.27.5&#8243; _module_preset=&#187;default&#187; animation_delay=&#187;100ms&#187; global_colors_info=&#187;{}&#187; transform_styles__hover_enabled=&#187;on|hover&#187; transform_scale__hover_enabled=&#187;on|hover&#187; transform_translate__hover_enabled=&#187;on|desktop&#187; transform_rotate__hover_enabled=&#187;on|desktop&#187; transform_skew__hover_enabled=&#187;on|desktop&#187; transform_origin__hover_enabled=&#187;on|desktop&#187; transform_scale__hover=&#187;105%|105%&#187;][\/et_pb_image][et_pb_toggle title=&#187;Eigenwerbung&#187; _builder_version=&#187;4.27.5&#8243; _module_preset=&#187;default&#187; locked=&#187;off&#187; global_colors_info=&#187;{%22gcid-8a5a50b1-0c16-4880-8741-db7d54a9ff17%22:%91%22open_icon_color%22,%22icon_color%22%93,%22gcid-b29eedc2-b8db-4bc0-a3de-d8f47dbe53fb%22:%91%22border_color_top%22,%22open_toggle_text_color%22,%22icon_color%22,%22open_icon_color%22,%22border_color_top%22,%22icon_color%22,%22open_icon_color%22,%22border_color_top%22,%22icon_color%22,%22open_icon_color%22,%22border_color_top%22,%22icon_color%22,%22open_icon_color%22,%22border_color_top%22,%22icon_color%22,%22open_icon_color%22,%22border_color_top%22,%22icon_color%22,%22open_icon_color%22,%22border_color_top%22,%22icon_color%22,%22open_icon_color%22,%22border_color_top%22,%22open_toggle_text_color%22,%22open_icon_color%22,%22border_color_top%22,%22open_icon_color%22,%22border_color_top%22,%22open_icon_color%22,%22border_color_top%22,%22open_icon_color%22,%22border_color_top%22,%22open_icon_color%22,%22border_color_top%22,%22open_icon_color%22,%22border_color_top%22,%22open_icon_color%22,%22border_color_top%22,%22open_toggle_text_color%22,%22border_color_top%22,%22border_color_top%22,%22border_color_top%22,%22border_color_top%22,%22border_color_top%22,%22border_color_top%22,%22border_color_top%22,%22open_toggle_text_color%22,%22border_color_top%22,%22border_color_top%22,%22border_color_top%22,%22border_color_top%22,%22border_color_top%22,%22border_color_top%22,%22border_color_top%22,%22open_toggle_text_color%22,%22border_color_top%22,%22border_color_top%22,%22border_color_top%22,%22border_color_top%22,%22border_color_top%22,%22border_color_top%22,%22open_toggle_text_color%22%93,%22gcid-ba64881f-f425-47be-87c6-a7edef5994bd%22:%91%22open_toggle_text_color%22,%22title_text_color%22,%22body_text_color%22%93}&#187;]<\/p>\n<p>F\u00fcr eine Akquise-Aktion entwickeln wir zusammen mit RB Druck Schenkon dieses Sackmesser, das auf die Vielfalt unserer Kompetenzen hinweist. Intersager als zweckm\u00e4ssiges Tool f\u00fcr Designl\u00f6sungen!<\/p>\n<p>[\/et_pb_toggle][\/et_pb_column][et_pb_column type=&#187;1_3&#8243; _builder_version=&#187;4.19.4&#8243; _module_preset=&#187;default&#187; global_colors_info=&#187;{}&#187;][et_pb_image src=&#187;https:\/\/intersager.ch\/WP\/wp-content\/uploads\/2022\/12\/estermann_1-1024&#215;768.jpg&#187; title_text=&#187;estermann_1&#8243; show_in_lightbox=&#187;on&#187; _builder_version=&#187;4.27.5&#8243; _module_preset=&#187;default&#187; global_colors_info=&#187;{}&#187; transform_styles__hover_enabled=&#187;on|hover&#187; transform_scale__hover_enabled=&#187;on|hover&#187; transform_translate__hover_enabled=&#187;on|desktop&#187; transform_rotate__hover_enabled=&#187;on|desktop&#187; transform_skew__hover_enabled=&#187;on|desktop&#187; transform_origin__hover_enabled=&#187;on|desktop&#187; transform_scale__hover=&#187;105%|105%&#187;][\/et_pb_image][et_pb_toggle title=&#187;Eine Firmengeschichte&#187; _builder_version=&#187;4.27.5&#8243; _module_preset=&#187;default&#187; locked=&#187;off&#187; global_colors_info=&#187;{%22gcid-8a5a50b1-0c16-4880-8741-db7d54a9ff17%22:%91%22open_icon_color%22,%22icon_color%22%93,%22gcid-b29eedc2-b8db-4bc0-a3de-d8f47dbe53fb%22:%91%22border_color_top%22,%22open_toggle_text_color%22,%22icon_color%22,%22open_icon_color%22,%22border_color_top%22,%22icon_color%22,%22open_icon_color%22,%22border_color_top%22,%22icon_color%22,%22open_icon_color%22,%22border_color_top%22,%22icon_color%22,%22open_icon_color%22,%22border_color_top%22,%22icon_color%22,%22open_icon_color%22,%22border_color_top%22,%22icon_color%22,%22open_icon_color%22,%22border_color_top%22,%22icon_color%22,%22open_icon_color%22,%22border_color_top%22,%22open_toggle_text_color%22,%22open_icon_color%22,%22border_color_top%22,%22open_icon_color%22,%22border_color_top%22,%22open_icon_color%22,%22border_color_top%22,%22open_icon_color%22,%22border_color_top%22,%22open_icon_color%22,%22border_color_top%22,%22open_icon_color%22,%22border_color_top%22,%22open_icon_color%22,%22border_color_top%22,%22open_toggle_text_color%22,%22border_color_top%22,%22border_color_top%22,%22border_color_top%22,%22border_color_top%22,%22border_color_top%22,%22border_color_top%22,%22border_color_top%22,%22open_toggle_text_color%22,%22border_color_top%22,%22border_color_top%22,%22border_color_top%22,%22border_color_top%22,%22border_color_top%22,%22border_color_top%22,%22border_color_top%22,%22open_toggle_text_color%22,%22border_color_top%22,%22border_color_top%22,%22border_color_top%22,%22border_color_top%22,%22border_color_top%22,%22border_color_top%22,%22open_toggle_text_color%22%93,%22gcid-ba64881f-f425-47be-87c6-a7edef5994bd%22:%91%22open_toggle_text_color%22,%22title_text_color%22,%22body_text_color%22%93}&#187;]<\/p>\n<p>Unglaublich, wieviel spannendes Material in den Archiven der Estermann AG zu finden war. Es ist nebst dem Werk \u00fcber das Familienunternehmen auch eine tolle Geschichte \u00fcber Sursee geworden.\u00a0<\/p>\n<p>[\/et_pb_toggle][\/et_pb_column][\/et_pb_row][et_pb_row _builder_version=&#187;4.19.4&#8243; _module_preset=&#187;default&#187; global_colors_info=&#187;{}&#187;][et_pb_column type=&#187;4_4&#8243; _builder_version=&#187;4.19.4&#8243; _module_preset=&#187;default&#187; global_colors_info=&#187;{}&#187;][et_pb_toggle title=&#187;Selbstverst\u00e4ndnis&#187; _builder_version=&#187;4.27.5&#8243; _module_preset=&#187;default&#187; title_font=&#187;Source Sans Pro|700|||||||&#187; title_font_size=&#187;21px&#187; custom_margin=&#187;||0px||false|false&#187; locked=&#187;off&#187; global_colors_info=&#187;{%22gcid-8a5a50b1-0c16-4880-8741-db7d54a9ff17%22:%91%22open_icon_color%22,%22icon_color%22%93,%22gcid-b29eedc2-b8db-4bc0-a3de-d8f47dbe53fb%22:%91%22border_color_top%22,%22open_toggle_text_color%22,%22icon_color%22,%22open_icon_color%22,%22border_color_top%22,%22icon_color%22,%22open_icon_color%22,%22border_color_top%22,%22icon_color%22,%22open_icon_color%22,%22border_color_top%22,%22icon_color%22,%22open_icon_color%22,%22border_color_top%22,%22icon_color%22,%22open_icon_color%22,%22border_color_top%22,%22icon_color%22,%22open_icon_color%22,%22border_color_top%22,%22icon_color%22,%22open_icon_color%22,%22border_color_top%22,%22open_toggle_text_color%22,%22open_icon_color%22,%22border_color_top%22,%22open_icon_color%22,%22border_color_top%22,%22open_icon_color%22,%22border_color_top%22,%22open_icon_color%22,%22border_color_top%22,%22open_icon_color%22,%22border_color_top%22,%22open_icon_color%22,%22border_color_top%22,%22open_icon_color%22,%22border_color_top%22,%22open_toggle_text_color%22,%22border_color_top%22,%22border_color_top%22,%22border_color_top%22,%22border_color_top%22,%22border_color_top%22,%22border_color_top%22,%22border_color_top%22,%22open_toggle_text_color%22,%22border_color_top%22,%22border_color_top%22,%22border_color_top%22,%22border_color_top%22,%22border_color_top%22,%22border_color_top%22,%22border_color_top%22,%22open_toggle_text_color%22,%22border_color_top%22,%22border_color_top%22,%22border_color_top%22,%22border_color_top%22,%22border_color_top%22,%22border_color_top%22,%22open_toggle_text_color%22%93,%22gcid-ba64881f-f425-47be-87c6-a7edef5994bd%22:%91%22open_toggle_text_color%22,%22title_text_color%22,%22body_text_color%22%93}&#187;]<\/p>\n<p class=\"p1\"><span class=\"s1\">Wir glauben an die Kraft und die Notwendigkeit einer pr\u00e4gnanten, eigenst\u00e4ndigen und authentischen Erscheinung. Deshalb verwenden wir viel Energie auf die inhaltliche Auseinandersetzung mit unseren Kunden, ihren Aufgaben, ihrem Markt und ihren Zielsetzungen. Die Essenz daraus \u00fcbersetzen wir in eine visuelle Sprache. <\/span><\/p>\n<p class=\"p1\"><span class=\"s1\">Dazu geh\u00f6rt eine klar formulierte Idee, sorgf\u00e4ltiges Handwerk, partnerschaftliche Zusammenarbeit und verbindliche Termine. <\/span><span class=\"s1\"><\/span><span class=\"s1\">Uns interessiert das Zusammenspiel von Wort, Bild und Grafik zu einer authentischen Botschaft. Ein<span class=\"Apple-converted-space\">\u00a0 <\/span>hoher gestalterischer Anspruch versteht sich f\u00fcr uns von selbst.<\/span><\/p>\n<p>[\/et_pb_toggle][et_pb_toggle title=&#187;Angebot&#187; _builder_version=&#187;4.27.5&#8243; _module_preset=&#187;default&#187; title_font=&#187;Source Sans Pro|700|||||||&#187; title_font_size=&#187;21px&#187; locked=&#187;off&#187; global_colors_info=&#187;{%22gcid-8a5a50b1-0c16-4880-8741-db7d54a9ff17%22:%91%22open_icon_color%22,%22icon_color%22%93,%22gcid-b29eedc2-b8db-4bc0-a3de-d8f47dbe53fb%22:%91%22border_color_top%22,%22open_toggle_text_color%22,%22icon_color%22,%22open_icon_color%22,%22border_color_top%22,%22icon_color%22,%22open_icon_color%22,%22border_color_top%22,%22icon_color%22,%22open_icon_color%22,%22border_color_top%22,%22icon_color%22,%22open_icon_color%22,%22border_color_top%22,%22icon_color%22,%22open_icon_color%22,%22border_color_top%22,%22icon_color%22,%22open_icon_color%22,%22border_color_top%22,%22icon_color%22,%22open_icon_color%22,%22border_color_top%22,%22open_toggle_text_color%22,%22open_icon_color%22,%22border_color_top%22,%22open_icon_color%22,%22border_color_top%22,%22open_icon_color%22,%22border_color_top%22,%22open_icon_color%22,%22border_color_top%22,%22open_icon_color%22,%22border_color_top%22,%22open_icon_color%22,%22border_color_top%22,%22open_icon_color%22,%22border_color_top%22,%22open_toggle_text_color%22,%22border_color_top%22,%22border_color_top%22,%22border_color_top%22,%22border_color_top%22,%22border_color_top%22,%22border_color_top%22,%22border_color_top%22,%22open_toggle_text_color%22,%22border_color_top%22,%22border_color_top%22,%22border_color_top%22,%22border_color_top%22,%22border_color_top%22,%22border_color_top%22,%22border_color_top%22,%22open_toggle_text_color%22,%22border_color_top%22,%22border_color_top%22,%22border_color_top%22,%22border_color_top%22,%22border_color_top%22,%22border_color_top%22,%22open_toggle_text_color%22%93,%22gcid-ba64881f-f425-47be-87c6-a7edef5994bd%22:%91%22open_toggle_text_color%22,%22title_text_color%22,%22body_text_color%22%93}&#187;]<\/p>\n<p class=\"p1\">Wir entwickeln f\u00fcr Sie eine pr\u00e4gnante, authentische und zug\u00e4ngliche visuelle Sprache. Unsere Grafik ist durchdacht, pr\u00e4zise und \u00e4sthetisch \u00fcberzeugend. Wir lieben Drucksachen, die Haptik von Papier, entwickeln aber nat\u00fcrlich gern auch digitale Medien.<\/p>\n<p>[\/et_pb_toggle][et_pb_text _builder_version=&#187;4.27.5&#8243; _module_preset=&#187;default&#187; width=&#187;97%&#187; width_tablet=&#187;95%&#187; width_phone=&#187;90%&#187; width_last_edited=&#187;on|phone&#187; module_alignment=&#187;center&#187; global_colors_info=&#187;{}&#187;]<\/p>\n<p class=\"p1\">Intersager GmbH, B\u00fcro f\u00fcr Gestaltung, Harnischgasse 3, 6210 Sursee<br \/><a href=\"tel: +41419216712\" target=\"_blank\" rel=\"noopener\">041 921 67 12<\/a> \/ <a href=\"mailto:mail@intersager.ch\">mail@intersager.ch<\/a><br \/>Roger Sager <a href=\"tel:%20+41 79 778 81 72\">079 778 81 72<\/a><\/p>\n<p>[\/et_pb_text][\/et_pb_column][\/et_pb_row][\/et_pb_section]<\/p>\n","protected":false},"excerpt":{"rendered":"<p>\u00a0Intersager GmbH \u2014 B\u00fcro f\u00fcr Gestaltung Reincarnations \u2014 ein sch\u00f6nes Fr\u00fchlingsthemaF\u00fcr den Chor ProMusicaViva d\u00fcrfen wir ein neues Gestaltungskonzept f\u00fcr die Bewerbung seiner Auftritte entwickeln. Im Farbkonzept machen wir die Musik, das Zusammenspiel von Stimmlagen und unterschiedlichen Timbres sichtbar. Die V\u00f6gel dienen als optischer Verst\u00e4rker und\u00a0 Eyecatcher im \u00f6ffentlichen Raum. promusicaviva.chSeit 225 Jahren wirkt die [&hellip;]<\/p>\n","protected":false},"author":1,"featured_media":0,"parent":0,"menu_order":0,"comment_status":"closed","ping_status":"closed","template":"","meta":{"_et_pb_use_builder":"on","_et_pb_old_content":"","_et_gb_content_width":"","footnotes":""},"class_list":["post-266","page","type-page","status-publish","hentry"],"_links":{"self":[{"href":"https:\/\/intersager.ch\/index.php\/wp-json\/wp\/v2\/pages\/266","targetHints":{"allow":["GET"]}}],"collection":[{"href":"https:\/\/intersager.ch\/index.php\/wp-json\/wp\/v2\/pages"}],"about":[{"href":"https:\/\/intersager.ch\/index.php\/wp-json\/wp\/v2\/types\/page"}],"author":[{"embeddable":true,"href":"https:\/\/intersager.ch\/index.php\/wp-json\/wp\/v2\/users\/1"}],"replies":[{"embeddable":true,"href":"https:\/\/intersager.ch\/index.php\/wp-json\/wp\/v2\/comments?post=266"}],"version-history":[{"count":160,"href":"https:\/\/intersager.ch\/index.php\/wp-json\/wp\/v2\/pages\/266\/revisions"}],"predecessor-version":[{"id":580,"href":"https:\/\/intersager.ch\/index.php\/wp-json\/wp\/v2\/pages\/266\/revisions\/580"}],"wp:attachment":[{"href":"https:\/\/intersager.ch\/index.php\/wp-json\/wp\/v2\/media?parent=266"}],"curies":[{"name":"wp","href":"https:\/\/api.w.org\/{rel}","templated":true}]}}